{"id":94,"date":"2025-06-30T14:01:43","date_gmt":"2025-06-30T12:01:43","guid":{"rendered":"http:\/\/fotosenasturias.es\/?page_id=94"},"modified":"2025-10-21T10:14:10","modified_gmt":"2025-10-21T08:14:10","slug":"reportajes-de-bodas","status":"publish","type":"page","link":"https:\/\/www.fotosenasturias.es\/index.php\/reportajes-de-bodas\/","title":{"rendered":"Reportajes de Bodas"},"content":{"rendered":"\t\t<div data-elementor-type=\"wp-page\" data-elementor-id=\"94\" class=\"elementor elementor-94\" data-elementor-post-type=\"page\">\n\t\t\t\t<div class=\"elementor-element elementor-element-28d7b21 e-flex e-con-boxed e-con e-parent\" data-id=\"28d7b21\" data-element_type=\"container\" data-settings=\"{&quot;background_background&quot;:&quot;slideshow&quot;,&quot;background_slideshow_gallery&quot;:[{&quot;id&quot;:98,&quot;url&quot;:&quot;http:\\\/\\\/fotosenasturias.es\\\/wp-content\\\/uploads\\\/2025\\\/06\\\/boda_2.png&quot;}],&quot;background_slideshow_loop&quot;:&quot;yes&quot;,&quot;background_slideshow_slide_duration&quot;:5000,&quot;background_slideshow_slide_transition&quot;:&quot;fade&quot;,&quot;background_slideshow_transition_duration&quot;:500}\">\n\t\t\t\t\t<div class=\"e-con-inner\">\n\t\t\t\t<div class=\"elementor-element elementor-element-4ca02e9 elementor-widget elementor-widget-heading\" data-id=\"4ca02e9\" data-element_type=\"widget\" data-widget_type=\"heading.default\">\n\t\t\t\t<div class=\"elementor-widget-container\">\n\t\t\t\t\t<h1 class=\"elementor-heading-title elementor-size-default\">REPORTAJE  DE BODA<\/h1>\t\t\t\t<\/div>\n\t\t\t\t<\/div>\n\t\t\t\t\t<\/div>\n\t\t\t\t<\/div>\n\t\t<div class=\"elementor-element elementor-element-28505f7 e-flex e-con-boxed e-con e-parent\" data-id=\"28505f7\" data-element_type=\"container\" data-settings=\"{&quot;background_background&quot;:&quot;classic&quot;,&quot;shape_divider_bottom&quot;:&quot;curve&quot;,&quot;background_motion_fx_motion_fx_scrolling&quot;:&quot;yes&quot;,&quot;background_motion_fx_devices&quot;:[&quot;desktop&quot;,&quot;tablet&quot;,&quot;mobile&quot;]}\">\n\t\t\t\t\t<div class=\"e-con-inner\">\n\t\t\t\t<div class=\"elementor-shape elementor-shape-bottom\" aria-hidden=\"true\" data-negative=\"false\">\n\t\t\t<svg xmlns=\"http:\/\/www.w3.org\/2000\/svg\" viewBox=\"0 0 1000 100\" preserveAspectRatio=\"none\">\n    <path class=\"elementor-shape-fill\" d=\"M1000,4.3V0H0v4.3C0.9,23.1,126.7,99.2,500,100S1000,22.7,1000,4.3z\"\/>\n<\/svg>\t\t<\/div>\n\t\t<div class=\"elementor-element elementor-element-6d3bcaa e-con-full e-flex e-con e-child\" data-id=\"6d3bcaa\" data-element_type=\"container\">\n\t\t\t\t<div class=\"elementor-element elementor-element-174643f elementor-widget elementor-widget-image\" data-id=\"174643f\" data-element_type=\"widget\" data-widget_type=\"image.default\">\n\t\t\t\t<div class=\"elementor-widget-container\">\n\t\t\t\t\t\t\t\t\t\t\t\t\t\t\t<img fetchpriority=\"high\" decoding=\"async\" width=\"768\" height=\"1152\" src=\"https:\/\/www.fotosenasturias.es\/wp-content\/uploads\/2025\/06\/boda_1-768x1152.png\" class=\"attachment-medium_large size-medium_large wp-image-97\" alt=\"Una pareja de novios mir\u00e1ndose melanc\u00f3licamente mientras posan para el fot\u00f3grafo\" srcset=\"https:\/\/www.fotosenasturias.es\/wp-content\/uploads\/2025\/06\/boda_1-768x1152.png 768w, https:\/\/www.fotosenasturias.es\/wp-content\/uploads\/2025\/06\/boda_1-200x300.png 200w, https:\/\/www.fotosenasturias.es\/wp-content\/uploads\/2025\/06\/boda_1-683x1024.png 683w, https:\/\/www.fotosenasturias.es\/wp-content\/uploads\/2025\/06\/boda_1.png 1024w\" sizes=\"(max-width: 768px) 100vw, 768px\" \/>\t\t\t\t\t\t\t\t\t\t\t\t\t\t\t<\/div>\n\t\t\t\t<\/div>\n\t\t\t\t<\/div>\n\t\t<div class=\"elementor-element elementor-element-fe7cd7e e-con-full e-flex e-con e-child\" data-id=\"fe7cd7e\" data-element_type=\"container\">\n\t\t\t\t<div class=\"elementor-element elementor-element-e8f64c1 elementor-widget elementor-widget-text-editor\" data-id=\"e8f64c1\" data-element_type=\"widget\" data-widget_type=\"text-editor.default\">\n\t\t\t\t<div class=\"elementor-widget-container\">\n\t\t\t\t\t\t\t\t\t<p class=\"pnegro\" style=\"text-align: center;\" data-start=\"152\" data-end=\"243\">A veces pienso que las mejores fotos ocurren cuando nadie se da cuenta de que estoy ah\u00ed.<\/p>\n<p class=\"pnegro\" style=\"text-align: center;\" data-start=\"250\" data-end=\"507\">Me encanta mirar a trav\u00e9s de la c\u00e1mara y ver a dos personas siendo simplemente ellas mismas: sin poses, sin prisas, sin miedo a equivocarse de paso. Una pareja bailando sin m\u00fasica, invent\u00e1ndose su propia canci\u00f3n, riendo de puro nervio o de pura felicidad.<\/p>\n<p class=\"pnegro\" style=\"text-align: center;\" data-start=\"514\" data-end=\"691\">No busco la perfecci\u00f3n, porque para m\u00ed lo perfecto es esto: que cada uno sea como es, que se miren como se miran cuando creen que nadie los ve, que se abracen porque les nace.<\/p>\n<p class=\"pnegro\" style=\"text-align: center;\" data-start=\"698\" data-end=\"960\">Mi forma de trabajar es simple: observar, esperar y disparar cuando sucede algo real. Porque cuando todo pase \u2014la m\u00fasica, la fiesta, los nervios del d\u00eda\u2014 lo que queda es esto: un reportaje fotogr\u00e1fico que guarda uno de los momentos m\u00e1s felices de vuestra vida.<\/p>\n<p class=\"pnegro\" style=\"text-align: center;\" data-start=\"967\" data-end=\"1161\">Y cuando vuelvas a mirar estas fotos dentro de unos a\u00f1os, o dentro de toda una vida, quiero que puedas volver a bailar, volver a re\u00edr, volver a sentir todo como si estuviera pasando otra vez.<\/p>\t\t\t\t\t\t\t\t<\/div>\n\t\t\t\t<\/div>\n\t\t\t\t<\/div>\n\t\t\t\t\t<\/div>\n\t\t\t\t<\/div>\n\t\t<div class=\"elementor-element elementor-element-d4e4a36 e-flex e-con-boxed e-con e-parent\" data-id=\"d4e4a36\" data-element_type=\"container\">\n\t\t\t\t\t<div class=\"e-con-inner\">\n\t\t\t\t<div class=\"elementor-element elementor-element-b58a960 elementor-widget elementor-widget-heading\" data-id=\"b58a960\" data-element_type=\"widget\" data-widget_type=\"heading.default\">\n\t\t\t\t<div class=\"elementor-widget-container\">\n\t\t\t\t\t<h6 class=\"elementor-heading-title elementor-size-default\">SINCERO \u00b7 CERCANO \u00b7 REAL \u00b7 HUMANO \u00b7 DURADERO<\/h6>\t\t\t\t<\/div>\n\t\t\t\t<\/div>\n\t\t\t\t\t<\/div>\n\t\t\t\t<\/div>\n\t\t<div class=\"elementor-element elementor-element-1156fec e-flex e-con-boxed e-con e-parent\" data-id=\"1156fec\" data-element_type=\"container\">\n\t\t\t\t\t<div class=\"e-con-inner\">\n\t\t<div class=\"elementor-element elementor-element-4bf33e6 e-grid e-con-full e-con e-child\" data-id=\"4bf33e6\" data-element_type=\"container\">\n\t\t<div class=\"elementor-element elementor-element-18b2751 e-con-full e-flex e-con e-child\" data-id=\"18b2751\" data-element_type=\"container\">\n\t\t\t\t<div class=\"elementor-element elementor-element-1abe546 elementor-view-framed elementor-shape-circle elementor-widget elementor-widget-icon\" data-id=\"1abe546\" data-element_type=\"widget\" data-widget_type=\"icon.default\">\n\t\t\t\t<div class=\"elementor-widget-container\">\n\t\t\t\t\t\t\t<div class=\"elementor-icon-wrapper\">\n\t\t\t<div class=\"elementor-icon\">\n\t\t\t<svg aria-hidden=\"true\" class=\"e-font-icon-svg e-far-list-alt\" viewBox=\"0 0 512 512\" xmlns=\"http:\/\/www.w3.org\/2000\/svg\"><path d=\"M464 32H48C21.49 32 0 53.49 0 80v352c0 26.51 21.49 48 48 48h416c26.51 0 48-21.49 48-48V80c0-26.51-21.49-48-48-48zm-6 400H54a6 6 0 0 1-6-6V86a6 6 0 0 1 6-6h404a6 6 0 0 1 6 6v340a6 6 0 0 1-6 6zm-42-92v24c0 6.627-5.373 12-12 12H204c-6.627 0-12-5.373-12-12v-24c0-6.627 5.373-12 12-12h200c6.627 0 12 5.373 12 12zm0-96v24c0 6.627-5.373 12-12 12H204c-6.627 0-12-5.373-12-12v-24c0-6.627 5.373-12 12-12h200c6.627 0 12 5.373 12 12zm0-96v24c0 6.627-5.373 12-12 12H204c-6.627 0-12-5.373-12-12v-24c0-6.627 5.373-12 12-12h200c6.627 0 12 5.373 12 12zm-252 12c0 19.882-16.118 36-36 36s-36-16.118-36-36 16.118-36 36-36 36 16.118 36 36zm0 96c0 19.882-16.118 36-36 36s-36-16.118-36-36 16.118-36 36-36 36 16.118 36 36zm0 96c0 19.882-16.118 36-36 36s-36-16.118-36-36 16.118-36 36-36 36 16.118 36 36z\"><\/path><\/svg>\t\t\t<\/div>\n\t\t<\/div>\n\t\t\t\t\t\t<\/div>\n\t\t\t\t<\/div>\n\t\t\t\t<div class=\"elementor-element elementor-element-7b0ff03 elementor-widget elementor-widget-text-editor\" data-id=\"7b0ff03\" data-element_type=\"widget\" data-widget_type=\"text-editor.default\">\n\t\t\t\t<div class=\"elementor-widget-container\">\n\t\t\t\t\t\t\t\t\t<p style=\"text-align: center;\" data-start=\"164\" data-end=\"333\">DE PRINCIPIO A FIN<\/p>\t\t\t\t\t\t\t\t<\/div>\n\t\t\t\t<\/div>\n\t\t\t\t<div class=\"elementor-element elementor-element-556dfa7 elementor-widget elementor-widget-text-editor\" data-id=\"556dfa7\" data-element_type=\"widget\" data-widget_type=\"text-editor.default\">\n\t\t\t\t<div class=\"elementor-widget-container\">\n\t\t\t\t\t\t\t\t\t<p style=\"text-align: center;\" data-start=\"164\" data-end=\"333\">Acompa\u00f1amos cada momento, desde la emoci\u00f3n de los preparativos hasta la alegr\u00eda desenfrenada de la fiesta, para contar la historia completa de vuestro d\u00eda de boda.<\/p>\t\t\t\t\t\t\t\t<\/div>\n\t\t\t\t<\/div>\n\t\t\t\t<\/div>\n\t\t<div class=\"elementor-element elementor-element-d83fa9e e-con-full e-flex e-con e-child\" data-id=\"d83fa9e\" data-element_type=\"container\">\n\t\t\t\t<div class=\"elementor-element elementor-element-7047e3a elementor-view-framed elementor-shape-circle elementor-widget elementor-widget-icon\" data-id=\"7047e3a\" data-element_type=\"widget\" data-widget_type=\"icon.default\">\n\t\t\t\t<div class=\"elementor-widget-container\">\n\t\t\t\t\t\t\t<div class=\"elementor-icon-wrapper\">\n\t\t\t<div class=\"elementor-icon\">\n\t\t\t<svg aria-hidden=\"true\" class=\"e-font-icon-svg e-fas-camera\" viewBox=\"0 0 512 512\" xmlns=\"http:\/\/www.w3.org\/2000\/svg\"><path d=\"M512 144v288c0 26.5-21.5 48-48 48H48c-26.5 0-48-21.5-48-48V144c0-26.5 21.5-48 48-48h88l12.3-32.9c7-18.7 24.9-31.1 44.9-31.1h125.5c20 0 37.9 12.4 44.9 31.1L376 96h88c26.5 0 48 21.5 48 48zM376 288c0-66.2-53.8-120-120-120s-120 53.8-120 120 53.8 120 120 120 120-53.8 120-120zm-32 0c0 48.5-39.5 88-88 88s-88-39.5-88-88 39.5-88 88-88 88 39.5 88 88z\"><\/path><\/svg>\t\t\t<\/div>\n\t\t<\/div>\n\t\t\t\t\t\t<\/div>\n\t\t\t\t<\/div>\n\t\t\t\t<div class=\"elementor-element elementor-element-f7d590b elementor-widget elementor-widget-text-editor\" data-id=\"f7d590b\" data-element_type=\"widget\" data-widget_type=\"text-editor.default\">\n\t\t\t\t<div class=\"elementor-widget-container\">\n\t\t\t\t\t\t\t\t\t<p style=\"text-align: center;\" data-start=\"164\" data-end=\"333\">DOS MIRADAS<\/p>\t\t\t\t\t\t\t\t<\/div>\n\t\t\t\t<\/div>\n\t\t\t\t<div class=\"elementor-element elementor-element-fdef20f elementor-widget elementor-widget-text-editor\" data-id=\"fdef20f\" data-element_type=\"widget\" data-widget_type=\"text-editor.default\">\n\t\t\t\t<div class=\"elementor-widget-container\">\n\t\t\t\t\t\t\t\t\t<p style=\"text-align: center;\" data-start=\"164\" data-end=\"333\">Somos un equipo de dos fot\u00f3grafos que capturamos cada detalle de vuestro d\u00eda desde diferentes \u00e1ngulos y emociones.<\/p>\t\t\t\t\t\t\t\t<\/div>\n\t\t\t\t<\/div>\n\t\t\t\t<\/div>\n\t\t<div class=\"elementor-element elementor-element-639d8c7 e-con-full e-flex e-con e-child\" data-id=\"639d8c7\" data-element_type=\"container\">\n\t\t\t\t<div class=\"elementor-element elementor-element-0d229a0 elementor-view-framed elementor-shape-circle elementor-widget elementor-widget-icon\" data-id=\"0d229a0\" data-element_type=\"widget\" data-widget_type=\"icon.default\">\n\t\t\t\t<div class=\"elementor-widget-container\">\n\t\t\t\t\t\t\t<div class=\"elementor-icon-wrapper\">\n\t\t\t<div class=\"elementor-icon\">\n\t\t\t<svg aria-hidden=\"true\" class=\"e-font-icon-svg e-far-calendar-check\" viewBox=\"0 0 448 512\" xmlns=\"http:\/\/www.w3.org\/2000\/svg\"><path d=\"M400 64h-48V12c0-6.627-5.373-12-12-12h-40c-6.627 0-12 5.373-12 12v52H160V12c0-6.627-5.373-12-12-12h-40c-6.627 0-12 5.373-12 12v52H48C21.49 64 0 85.49 0 112v352c0 26.51 21.49 48 48 48h352c26.51 0 48-21.49 48-48V112c0-26.51-21.49-48-48-48zm-6 400H54a6 6 0 0 1-6-6V160h352v298a6 6 0 0 1-6 6zm-52.849-200.65L198.842 404.519c-4.705 4.667-12.303 4.637-16.971-.068l-75.091-75.699c-4.667-4.705-4.637-12.303.068-16.971l22.719-22.536c4.705-4.667 12.303-4.637 16.97.069l44.104 44.461 111.072-110.181c4.705-4.667 12.303-4.637 16.971.068l22.536 22.718c4.667 4.705 4.636 12.303-.069 16.97z\"><\/path><\/svg>\t\t\t<\/div>\n\t\t<\/div>\n\t\t\t\t\t\t<\/div>\n\t\t\t\t<\/div>\n\t\t\t\t<div class=\"elementor-element elementor-element-78fb122 elementor-widget elementor-widget-text-editor\" data-id=\"78fb122\" data-element_type=\"widget\" data-widget_type=\"text-editor.default\">\n\t\t\t\t<div class=\"elementor-widget-container\">\n\t\t\t\t\t\t\t\t\t<p>COMPROMISO<\/p>\t\t\t\t\t\t\t\t<\/div>\n\t\t\t\t<\/div>\n\t\t\t\t<div class=\"elementor-element elementor-element-a4c819a elementor-widget elementor-widget-text-editor\" data-id=\"a4c819a\" data-element_type=\"widget\" data-widget_type=\"text-editor.default\">\n\t\t\t\t<div class=\"elementor-widget-container\">\n\t\t\t\t\t\t\t\t\t<p style=\"text-align: center;\" data-start=\"164\" data-end=\"333\">Para dedicar toda nuestra atenci\u00f3n, tiempo y energ\u00eda a vuestra boda, trabajamos exclusivamente con una pareja cada fin de semana<\/p>\t\t\t\t\t\t\t\t<\/div>\n\t\t\t\t<\/div>\n\t\t\t\t<\/div>\n\t\t<div class=\"elementor-element elementor-element-008fc53 e-con-full e-flex e-con e-child\" data-id=\"008fc53\" data-element_type=\"container\">\n\t\t\t\t<div class=\"elementor-element elementor-element-a8125d9 elementor-view-framed elementor-shape-circle elementor-widget elementor-widget-icon\" data-id=\"a8125d9\" data-element_type=\"widget\" data-widget_type=\"icon.default\">\n\t\t\t\t<div class=\"elementor-widget-container\">\n\t\t\t\t\t\t\t<div class=\"elementor-icon-wrapper\">\n\t\t\t<div class=\"elementor-icon\">\n\t\t\t<svg aria-hidden=\"true\" class=\"e-font-icon-svg e-far-images\" viewBox=\"0 0 576 512\" xmlns=\"http:\/\/www.w3.org\/2000\/svg\"><path d=\"M480 416v16c0 26.51-21.49 48-48 48H48c-26.51 0-48-21.49-48-48V176c0-26.51 21.49-48 48-48h16v48H54a6 6 0 0 0-6 6v244a6 6 0 0 0 6 6h372a6 6 0 0 0 6-6v-10h48zm42-336H150a6 6 0 0 0-6 6v244a6 6 0 0 0 6 6h372a6 6 0 0 0 6-6V86a6 6 0 0 0-6-6zm6-48c26.51 0 48 21.49 48 48v256c0 26.51-21.49 48-48 48H144c-26.51 0-48-21.49-48-48V80c0-26.51 21.49-48 48-48h384zM264 144c0 22.091-17.909 40-40 40s-40-17.909-40-40 17.909-40 40-40 40 17.909 40 40zm-72 96l39.515-39.515c4.686-4.686 12.284-4.686 16.971 0L288 240l103.515-103.515c4.686-4.686 12.284-4.686 16.971 0L480 208v80H192v-48z\"><\/path><\/svg>\t\t\t<\/div>\n\t\t<\/div>\n\t\t\t\t\t\t<\/div>\n\t\t\t\t<\/div>\n\t\t\t\t<div class=\"elementor-element elementor-element-f591f6b elementor-widget elementor-widget-text-editor\" data-id=\"f591f6b\" data-element_type=\"widget\" data-widget_type=\"text-editor.default\">\n\t\t\t\t<div class=\"elementor-widget-container\">\n\t\t\t\t\t\t\t\t\t<p style=\"text-align: center;\" data-start=\"164\" data-end=\"333\">FOTOS ETERNAS<\/p>\t\t\t\t\t\t\t\t<\/div>\n\t\t\t\t<\/div>\n\t\t\t\t<div class=\"elementor-element elementor-element-d22f351 elementor-widget elementor-widget-text-editor\" data-id=\"d22f351\" data-element_type=\"widget\" data-widget_type=\"text-editor.default\">\n\t\t\t\t<div class=\"elementor-widget-container\">\n\t\t\t\t\t\t\t\t\t<p style=\"text-align: center;\" data-start=\"164\" data-end=\"333\">Entregamos todas las im\u00e1genes en formato digital, cuidadosamente procesadas en dos estilos: color y blanco y negro. As\u00ed, tendr\u00e9is la libertad de disfrutar y compartir vuestro d\u00eda con dos miradas distintas y llenas de vida.<\/p>\t\t\t\t\t\t\t\t<\/div>\n\t\t\t\t<\/div>\n\t\t\t\t<\/div>\n\t\t<div class=\"elementor-element elementor-element-09809b2 e-con-full e-flex e-con e-child\" data-id=\"09809b2\" data-element_type=\"container\">\n\t\t\t\t<div class=\"elementor-element elementor-element-0b1aae0 elementor-view-framed elementor-shape-circle elementor-widget elementor-widget-icon\" data-id=\"0b1aae0\" data-element_type=\"widget\" data-widget_type=\"icon.default\">\n\t\t\t\t<div class=\"elementor-widget-container\">\n\t\t\t\t\t\t\t<div class=\"elementor-icon-wrapper\">\n\t\t\t<div class=\"elementor-icon\">\n\t\t\t<svg aria-hidden=\"true\" class=\"e-font-icon-svg e-fas-hand-holding-heart\" viewBox=\"0 0 576 512\" xmlns=\"http:\/\/www.w3.org\/2000\/svg\"><path d=\"M275.3 250.5c7 7.4 18.4 7.4 25.5 0l108.9-114.2c31.6-33.2 29.8-88.2-5.6-118.8-30.8-26.7-76.7-21.9-104.9 7.7L288 36.9l-11.1-11.6C248.7-4.4 202.8-9.2 172 17.5c-35.3 30.6-37.2 85.6-5.6 118.8l108.9 114.2zm290 77.6c-11.8-10.7-30.2-10-42.6 0L430.3 402c-11.3 9.1-25.4 14-40 14H272c-8.8 0-16-7.2-16-16s7.2-16 16-16h78.3c15.9 0 30.7-10.9 33.3-26.6 3.3-20-12.1-37.4-31.6-37.4H192c-27 0-53.1 9.3-74.1 26.3L71.4 384H16c-8.8 0-16 7.2-16 16v96c0 8.8 7.2 16 16 16h356.8c14.5 0 28.6-4.9 40-14L564 377c15.2-12.1 16.4-35.3 1.3-48.9z\"><\/path><\/svg>\t\t\t<\/div>\n\t\t<\/div>\n\t\t\t\t\t\t<\/div>\n\t\t\t\t<\/div>\n\t\t\t\t<div class=\"elementor-element elementor-element-23fb524 elementor-widget elementor-widget-text-editor\" data-id=\"23fb524\" data-element_type=\"widget\" data-widget_type=\"text-editor.default\">\n\t\t\t\t<div class=\"elementor-widget-container\">\n\t\t\t\t\t\t\t\t\t<p style=\"text-align: center;\" data-start=\"164\" data-end=\"333\">PRE Y POST BODA<\/p>\t\t\t\t\t\t\t\t<\/div>\n\t\t\t\t<\/div>\n\t\t\t\t<div class=\"elementor-element elementor-element-7d605aa elementor-widget elementor-widget-text-editor\" data-id=\"7d605aa\" data-element_type=\"widget\" data-widget_type=\"text-editor.default\">\n\t\t\t\t<div class=\"elementor-widget-container\">\n\t\t\t\t\t\t\t\t\t<p style=\"text-align: center;\" data-start=\"164\" data-end=\"333\">Creemos que vuestra historia merece ser contada m\u00e1s all\u00e1 del gran d\u00eda. Por eso ofrecemos sesiones de preboda y postboda, momentos especiales para conocernos, relajarnos y crear recuerdos aut\u00e9nticos.<\/p>\t\t\t\t\t\t\t\t<\/div>\n\t\t\t\t<\/div>\n\t\t\t\t<\/div>\n\t\t<div class=\"elementor-element elementor-element-948fbac e-con-full e-flex e-con e-child\" data-id=\"948fbac\" data-element_type=\"container\">\n\t\t\t\t<div class=\"elementor-element elementor-element-680b7bf elementor-view-framed elementor-shape-circle elementor-widget elementor-widget-icon\" data-id=\"680b7bf\" data-element_type=\"widget\" data-widget_type=\"icon.default\">\n\t\t\t\t<div class=\"elementor-widget-container\">\n\t\t\t\t\t\t\t<div class=\"elementor-icon-wrapper\">\n\t\t\t<div class=\"elementor-icon\">\n\t\t\t<svg aria-hidden=\"true\" class=\"e-font-icon-svg e-fas-file-contract\" viewBox=\"0 0 384 512\" xmlns=\"http:\/\/www.w3.org\/2000\/svg\"><path d=\"M224 136V0H24C10.7 0 0 10.7 0 24v464c0 13.3 10.7 24 24 24h336c13.3 0 24-10.7 24-24V160H248c-13.2 0-24-10.8-24-24zM64 72c0-4.42 3.58-8 8-8h80c4.42 0 8 3.58 8 8v16c0 4.42-3.58 8-8 8H72c-4.42 0-8-3.58-8-8V72zm0 64c0-4.42 3.58-8 8-8h80c4.42 0 8 3.58 8 8v16c0 4.42-3.58 8-8 8H72c-4.42 0-8-3.58-8-8v-16zm192.81 248H304c8.84 0 16 7.16 16 16s-7.16 16-16 16h-47.19c-16.45 0-31.27-9.14-38.64-23.86-2.95-5.92-8.09-6.52-10.17-6.52s-7.22.59-10.02 6.19l-7.67 15.34a15.986 15.986 0 0 1-14.31 8.84c-.38 0-.75-.02-1.14-.05-6.45-.45-12-4.75-14.03-10.89L144 354.59l-10.61 31.88c-5.89 17.66-22.38 29.53-41 29.53H80c-8.84 0-16-7.16-16-16s7.16-16 16-16h12.39c4.83 0 9.11-3.08 10.64-7.66l18.19-54.64c3.3-9.81 12.44-16.41 22.78-16.41s19.48 6.59 22.77 16.41l13.88 41.64c19.77-16.19 54.05-9.7 66 14.16 2.02 4.06 5.96 6.5 10.16 6.5zM377 105L279.1 7c-4.5-4.5-10.6-7-17-7H256v128h128v-6.1c0-6.3-2.5-12.4-7-16.9z\"><\/path><\/svg>\t\t\t<\/div>\n\t\t<\/div>\n\t\t\t\t\t\t<\/div>\n\t\t\t\t<\/div>\n\t\t\t\t<div class=\"elementor-element elementor-element-8df056e elementor-widget elementor-widget-text-editor\" data-id=\"8df056e\" data-element_type=\"widget\" data-widget_type=\"text-editor.default\">\n\t\t\t\t<div class=\"elementor-widget-container\">\n\t\t\t\t\t\t\t\t\t<p style=\"text-align: center;\" data-start=\"164\" data-end=\"333\">TRANSPARENCIA<\/p>\t\t\t\t\t\t\t\t<\/div>\n\t\t\t\t<\/div>\n\t\t\t\t<div class=\"elementor-element elementor-element-a4d4288 elementor-widget elementor-widget-text-editor\" data-id=\"a4d4288\" data-element_type=\"widget\" data-widget_type=\"text-editor.default\">\n\t\t\t\t<div class=\"elementor-widget-container\">\n\t\t\t\t\t\t\t\t\t<p style=\"text-align: center;\" data-start=\"223\" data-end=\"525\">Creemos que la base de una buena relaci\u00f3n es la comunicaci\u00f3n clara y honesta. Por eso, desde el primer momento, os contamos todo con total transparencia. Queremos que os sint\u00e1is c\u00f3modos y seguros en cada etapa, sin sorpresas ni dudas.<\/p>\t\t\t\t\t\t\t\t<\/div>\n\t\t\t\t<\/div>\n\t\t\t\t<\/div>\n\t\t\t\t<\/div>\n\t\t\t\t\t<\/div>\n\t\t\t\t<\/div>\n\t\t<div class=\"elementor-element elementor-element-347a0cb e-flex e-con-boxed e-con e-parent\" data-id=\"347a0cb\" data-element_type=\"container\" data-settings=\"{&quot;background_background&quot;:&quot;slideshow&quot;,&quot;background_slideshow_gallery&quot;:[{&quot;id&quot;:125,&quot;url&quot;:&quot;http:\\\/\\\/fotosenasturias.es\\\/wp-content\\\/uploads\\\/2025\\\/06\\\/boda_3.png&quot;}],&quot;background_slideshow_loop&quot;:&quot;yes&quot;,&quot;background_slideshow_slide_duration&quot;:5000,&quot;background_slideshow_slide_transition&quot;:&quot;fade&quot;,&quot;background_slideshow_transition_duration&quot;:500}\">\n\t\t\t\t\t<div class=\"e-con-inner\">\n\t\t\t\t<div class=\"elementor-element elementor-element-e2c4a7a elementor-widget elementor-widget-heading\" data-id=\"e2c4a7a\" data-element_type=\"widget\" data-widget_type=\"heading.default\">\n\t\t\t\t<div class=\"elementor-widget-container\">\n\t\t\t\t\t<h4 class=\"elementor-heading-title elementor-size-default\">\u00bfOs gustar\u00eda que cont\u00e1ramos vuestra boda de principio a fin, sin poses forzadas y con toda la naturalidad? <\/h4>\t\t\t\t<\/div>\n\t\t\t\t<\/div>\n\t\t\t\t<div class=\"elementor-element elementor-element-0e32421 elementor-button-info elementor-widget elementor-widget-button\" data-id=\"0e32421\" data-element_type=\"widget\" data-widget_type=\"button.default\">\n\t\t\t\t<div class=\"elementor-widget-container\">\n\t\t\t\t\t\t\t\t\t<div class=\"elementor-button-wrapper\">\n\t\t\t\t\t<a class=\"elementor-button elementor-button-link elementor-size-sm\" href=\"https:\/\/wa.me\/34600114824\">\n\t\t\t\t\t\t<span class=\"elementor-button-content-wrapper\">\n\t\t\t\t\t\t<span class=\"elementor-button-icon\">\n\t\t\t\t<svg aria-hidden=\"true\" class=\"e-font-icon-svg e-fab-whatsapp\" viewBox=\"0 0 448 512\" xmlns=\"http:\/\/www.w3.org\/2000\/svg\"><path d=\"M380.9 97.1C339 55.1 283.2 32 223.9 32c-122.4 0-222 99.6-222 222 0 39.1 10.2 77.3 29.6 111L0 480l117.7-30.9c32.4 17.7 68.9 27 106.1 27h.1c122.3 0 224.1-99.6 224.1-222 0-59.3-25.2-115-67.1-157zm-157 341.6c-33.2 0-65.7-8.9-94-25.7l-6.7-4-69.8 18.3L72 359.2l-4.4-7c-18.5-29.4-28.2-63.3-28.2-98.2 0-101.7 82.8-184.5 184.6-184.5 49.3 0 95.6 19.2 130.4 54.1 34.8 34.9 56.2 81.2 56.1 130.5 0 101.8-84.9 184.6-186.6 184.6zm101.2-138.2c-5.5-2.8-32.8-16.2-37.9-18-5.1-1.9-8.8-2.8-12.5 2.8-3.7 5.6-14.3 18-17.6 21.8-3.2 3.7-6.5 4.2-12 1.4-32.6-16.3-54-29.1-75.5-66-5.7-9.8 5.7-9.1 16.3-30.3 1.8-3.7.9-6.9-.5-9.7-1.4-2.8-12.5-30.1-17.1-41.2-4.5-10.8-9.1-9.3-12.5-9.5-3.2-.2-6.9-.2-10.6-.2-3.7 0-9.7 1.4-14.8 6.9-5.1 5.6-19.4 19-19.4 46.3 0 27.3 19.9 53.7 22.6 57.4 2.8 3.7 39.1 59.7 94.8 83.8 35.2 15.2 49 16.5 66.6 13.9 10.7-1.6 32.8-13.4 37.4-26.4 4.6-13 4.6-24.1 3.2-26.4-1.3-2.5-5-3.9-10.5-6.6z\"><\/path><\/svg>\t\t\t<\/span>\n\t\t\t\t\t\t\t\t\t<span class=\"elementor-button-text\">\u00bfHABLAMOS?<\/span>\n\t\t\t\t\t<\/span>\n\t\t\t\t\t<\/a>\n\t\t\t\t<\/div>\n\t\t\t\t\t\t\t\t<\/div>\n\t\t\t\t<\/div>\n\t\t\t\t\t<\/div>\n\t\t\t\t<\/div>\n\t\t<div class=\"elementor-element elementor-element-f9c9ec6 e-flex e-con-boxed e-con e-parent\" data-id=\"f9c9ec6\" data-element_type=\"container\">\n\t\t\t\t\t<div class=\"e-con-inner\">\n\t\t<div class=\"elementor-element elementor-element-6afb49c e-grid e-con-full e-con e-child\" data-id=\"6afb49c\" data-element_type=\"container\">\n\t\t\t\t<div class=\"elementor-element elementor-element-a967978 elementor-widget elementor-widget-image\" data-id=\"a967978\" data-element_type=\"widget\" data-widget_type=\"image.default\">\n\t\t\t\t<div class=\"elementor-widget-container\">\n\t\t\t\t\t\t\t\t\t\t\t\t\t\t\t<img decoding=\"async\" width=\"960\" height=\"639\" src=\"https:\/\/www.fotosenasturias.es\/wp-content\/uploads\/2025\/10\/image-2-1024x682.png\" class=\"attachment-large size-large wp-image-371\" alt=\"\" srcset=\"https:\/\/www.fotosenasturias.es\/wp-content\/uploads\/2025\/10\/image-2-1024x682.png 1024w, https:\/\/www.fotosenasturias.es\/wp-content\/uploads\/2025\/10\/image-2-300x200.png 300w, https:\/\/www.fotosenasturias.es\/wp-content\/uploads\/2025\/10\/image-2-768x512.png 768w, https:\/\/www.fotosenasturias.es\/wp-content\/uploads\/2025\/10\/image-2-1140x760.png 1140w, https:\/\/www.fotosenasturias.es\/wp-content\/uploads\/2025\/10\/image-2.png 1475w\" sizes=\"(max-width: 960px) 100vw, 960px\" \/>\t\t\t\t\t\t\t\t\t\t\t\t\t\t\t<\/div>\n\t\t\t\t<\/div>\n\t\t\t\t<div class=\"elementor-element elementor-element-b91b9ab elementor-widget elementor-widget-image\" data-id=\"b91b9ab\" data-element_type=\"widget\" data-widget_type=\"image.default\">\n\t\t\t\t<div class=\"elementor-widget-container\">\n\t\t\t\t\t\t\t\t\t\t\t\t\t\t\t<img decoding=\"async\" width=\"960\" height=\"639\" src=\"https:\/\/www.fotosenasturias.es\/wp-content\/uploads\/2025\/10\/image-1-1024x682.png\" class=\"attachment-large size-large wp-image-370\" alt=\"\" srcset=\"https:\/\/www.fotosenasturias.es\/wp-content\/uploads\/2025\/10\/image-1-1024x682.png 1024w, https:\/\/www.fotosenasturias.es\/wp-content\/uploads\/2025\/10\/image-1-300x200.png 300w, https:\/\/www.fotosenasturias.es\/wp-content\/uploads\/2025\/10\/image-1-768x512.png 768w, https:\/\/www.fotosenasturias.es\/wp-content\/uploads\/2025\/10\/image-1-1140x759.png 1140w, https:\/\/www.fotosenasturias.es\/wp-content\/uploads\/2025\/10\/image-1.png 1474w\" sizes=\"(max-width: 960px) 100vw, 960px\" \/>\t\t\t\t\t\t\t\t\t\t\t\t\t\t\t<\/div>\n\t\t\t\t<\/div>\n\t\t\t\t<div class=\"elementor-element elementor-element-a9f30fa elementor-widget elementor-widget-image\" data-id=\"a9f30fa\" data-element_type=\"widget\" data-widget_type=\"image.default\">\n\t\t\t\t<div class=\"elementor-widget-container\">\n\t\t\t\t\t\t\t\t\t\t\t\t\t\t\t<img loading=\"lazy\" decoding=\"async\" width=\"960\" height=\"640\" src=\"https:\/\/www.fotosenasturias.es\/wp-content\/uploads\/2025\/06\/boda_2-1024x683.png\" class=\"attachment-large size-large wp-image-98\" alt=\"Novios bailando el vals\" srcset=\"https:\/\/www.fotosenasturias.es\/wp-content\/uploads\/2025\/06\/boda_2-1024x683.png 1024w, https:\/\/www.fotosenasturias.es\/wp-content\/uploads\/2025\/06\/boda_2-300x200.png 300w, https:\/\/www.fotosenasturias.es\/wp-content\/uploads\/2025\/06\/boda_2-768x512.png 768w, https:\/\/www.fotosenasturias.es\/wp-content\/uploads\/2025\/06\/boda_2-1140x760.png 1140w, https:\/\/www.fotosenasturias.es\/wp-content\/uploads\/2025\/06\/boda_2.png 1536w\" sizes=\"(max-width: 960px) 100vw, 960px\" \/>\t\t\t\t\t\t\t\t\t\t\t\t\t\t\t<\/div>\n\t\t\t\t<\/div>\n\t\t\t\t<\/div>\n\t\t\t\t\t<\/div>\n\t\t\t\t<\/div>\n\t\t<div class=\"elementor-element elementor-element-16a51f1 e-flex e-con-boxed e-con e-parent\" data-id=\"16a51f1\" data-element_type=\"container\">\n\t\t\t\t\t<div class=\"e-con-inner\">\n\t\t\t\t<div class=\"elementor-element elementor-element-0b0a7ca elementor-widget elementor-widget-html\" data-id=\"0b0a7ca\" data-element_type=\"widget\" data-widget_type=\"html.default\">\n\t\t\t\t<div class=\"elementor-widget-container\">\n\t\t\t\t\t\n<a rel='nofollow' href='https:\/\/www.bodas.net' title='Bodas.net'><img alt='Bodas.net' src='https:\/\/www.bodas.net\/images\/sellos\/Sello-bodas--gg263975.png' style='border-width:0px;' \/><\/a>\t\t\t\t<\/div>\n\t\t\t\t<\/div>\n\t\t\t\t\t<\/div>\n\t\t\t\t<\/div>\n\t\t\t\t<\/div>\n\t\t","protected":false},"excerpt":{"rendered":"<p>REPORTAJE DE BODA A veces pienso que las mejores fotos ocurren cuando nadie se da cuenta de que estoy ah\u00ed. Me encanta mirar a trav\u00e9s de la c\u00e1mara y ver a dos personas siendo simplemente ellas mismas: sin poses, sin prisas, sin miedo a equivocarse de paso. Una pareja bailando sin m\u00fasica, invent\u00e1ndose su propia canci\u00f3n, riendo de puro nervio o de pura felicidad. No busco la perfecci\u00f3n, porque para m\u00ed lo perfecto es esto: que cada uno sea como es, que se miren como se miran cuando creen que nadie los ve, que se abracen porque les nace. Mi forma de trabajar es simple: observar, esperar y disparar cuando sucede algo real. Porque cuando todo pase \u2014la m\u00fasica, la fiesta, los nervios del d\u00eda\u2014 lo que queda es esto: un reportaje fotogr\u00e1fico que guarda uno de los momentos m\u00e1s felices de vuestra vida. Y cuando vuelvas a mirar estas fotos dentro de unos a\u00f1os, o dentro de toda una vida, quiero que puedas volver a bailar, volver a re\u00edr, volver a sentir todo como si estuviera pasando otra vez. SINCERO \u00b7 CERCANO \u00b7 REAL \u00b7 HUMANO \u00b7 DURADERO DE PRINCIPIO A FIN Acompa\u00f1amos cada momento, desde la emoci\u00f3n de los preparativos hasta la alegr\u00eda desenfrenada de la fiesta, para contar la historia completa de vuestro d\u00eda de boda. DOS MIRADAS Somos un equipo de dos fot\u00f3grafos que capturamos cada detalle de vuestro d\u00eda desde diferentes \u00e1ngulos y emociones. COMPROMISO Para dedicar toda nuestra atenci\u00f3n, tiempo y energ\u00eda a vuestra boda, trabajamos exclusivamente con una pareja cada fin de semana FOTOS ETERNAS Entregamos todas las im\u00e1genes en formato digital, cuidadosamente procesadas en dos estilos: color y blanco y negro. As\u00ed, tendr\u00e9is la libertad de disfrutar y compartir vuestro d\u00eda con dos miradas distintas y llenas de vida. PRE Y POST BODA Creemos que vuestra historia merece ser contada m\u00e1s all\u00e1 del gran d\u00eda. Por eso ofrecemos sesiones de preboda y postboda, momentos especiales para conocernos, relajarnos y crear recuerdos aut\u00e9nticos. TRANSPARENCIA Creemos que la base de una buena relaci\u00f3n es la comunicaci\u00f3n clara y honesta. Por eso, desde el primer momento, os contamos todo con total transparencia. Queremos que os sint\u00e1is c\u00f3modos y seguros en cada etapa, sin sorpresas ni dudas. \u00bfOs gustar\u00eda que cont\u00e1ramos vuestra boda de principio a fin, sin poses forzadas y con toda la naturalidad? \u00bfHABLAMOS?<\/p>\n","protected":false},"author":1,"featured_media":0,"parent":0,"menu_order":0,"comment_status":"closed","ping_status":"closed","template":"elementor_header_footer","meta":{"footnotes":""},"class_list":["post-94","page","type-page","status-publish","hentry"],"yoast_head":"<!-- This site is optimized with the Yoast SEO plugin v26.2 - https:\/\/yoast.com\/wordpress\/plugins\/seo\/ -->\n<title>Reportajes de Bodas - Javier F. Santiago | Fot\u00f3grafo<\/title>\n<meta name=\"description\" content=\"Reportaje de bodas en Asturias: fotograf\u00eda profesional, natural y creativa para parejas que quieren recuerdos inolvidables.\" \/>\n<meta name=\"robots\" content=\"index, follow, max-snippet:-1, max-image-preview:large, max-video-preview:-1\" \/>\n<link rel=\"canonical\" href=\"https:\/\/www.fotosenasturias.es\/index.php\/reportajes-de-bodas\/\" \/>\n<meta property=\"og:locale\" content=\"es_ES\" \/>\n<meta property=\"og:type\" content=\"article\" \/>\n<meta property=\"og:title\" content=\"Reportajes de Bodas - Javier F. Santiago | Fot\u00f3grafo\" \/>\n<meta property=\"og:description\" content=\"Reportaje de bodas en Asturias: fotograf\u00eda profesional, natural y creativa para parejas que quieren recuerdos inolvidables.\" \/>\n<meta property=\"og:url\" content=\"https:\/\/www.fotosenasturias.es\/index.php\/reportajes-de-bodas\/\" \/>\n<meta property=\"og:site_name\" content=\"Javier F. Santiago | Fot\u00f3grafo\" \/>\n<meta property=\"article:modified_time\" content=\"2025-10-21T08:14:10+00:00\" \/>\n<meta property=\"og:image\" content=\"https:\/\/www.fotosenasturias.es\/wp-content\/uploads\/2025\/06\/boda_1-683x1024.png\" \/>\n\t<meta property=\"og:image:width\" content=\"683\" \/>\n\t<meta property=\"og:image:height\" content=\"1024\" \/>\n\t<meta property=\"og:image:type\" content=\"image\/png\" \/>\n<meta name=\"twitter:card\" content=\"summary_large_image\" \/>\n<meta name=\"twitter:label1\" content=\"Tiempo de lectura\" \/>\n\t<meta name=\"twitter:data1\" content=\"3 minutos\" \/>\n<script type=\"application\/ld+json\" class=\"yoast-schema-graph\">{\"@context\":\"https:\/\/schema.org\",\"@graph\":[{\"@type\":\"WebPage\",\"@id\":\"https:\/\/www.fotosenasturias.es\/index.php\/reportajes-de-bodas\/\",\"url\":\"https:\/\/www.fotosenasturias.es\/index.php\/reportajes-de-bodas\/\",\"name\":\"Reportajes de Bodas - Javier F. Santiago | Fot\u00f3grafo\",\"isPartOf\":{\"@id\":\"https:\/\/www.fotosenasturias.es\/#website\"},\"primaryImageOfPage\":{\"@id\":\"https:\/\/www.fotosenasturias.es\/index.php\/reportajes-de-bodas\/#primaryimage\"},\"image\":{\"@id\":\"https:\/\/www.fotosenasturias.es\/index.php\/reportajes-de-bodas\/#primaryimage\"},\"thumbnailUrl\":\"https:\/\/www.fotosenasturias.es\/wp-content\/uploads\/2025\/06\/boda_1-768x1152.png\",\"datePublished\":\"2025-06-30T12:01:43+00:00\",\"dateModified\":\"2025-10-21T08:14:10+00:00\",\"description\":\"Reportaje de bodas en Asturias: fotograf\u00eda profesional, natural y creativa para parejas que quieren recuerdos inolvidables.\",\"breadcrumb\":{\"@id\":\"https:\/\/www.fotosenasturias.es\/index.php\/reportajes-de-bodas\/#breadcrumb\"},\"inLanguage\":\"es\",\"potentialAction\":[{\"@type\":\"ReadAction\",\"target\":[\"https:\/\/www.fotosenasturias.es\/index.php\/reportajes-de-bodas\/\"]}]},{\"@type\":\"ImageObject\",\"inLanguage\":\"es\",\"@id\":\"https:\/\/www.fotosenasturias.es\/index.php\/reportajes-de-bodas\/#primaryimage\",\"url\":\"https:\/\/www.fotosenasturias.es\/wp-content\/uploads\/2025\/06\/boda_1.png\",\"contentUrl\":\"https:\/\/www.fotosenasturias.es\/wp-content\/uploads\/2025\/06\/boda_1.png\",\"width\":1024,\"height\":1536,\"caption\":\"Una pareja de novios mir\u00e1ndose melanc\u00f3licamente mientras posan para el fot\u00f3grafo\"},{\"@type\":\"BreadcrumbList\",\"@id\":\"https:\/\/www.fotosenasturias.es\/index.php\/reportajes-de-bodas\/#breadcrumb\",\"itemListElement\":[{\"@type\":\"ListItem\",\"position\":1,\"name\":\"Portada\",\"item\":\"https:\/\/www.fotosenasturias.es\/\"},{\"@type\":\"ListItem\",\"position\":2,\"name\":\"Reportajes de Bodas\"}]},{\"@type\":\"WebSite\",\"@id\":\"https:\/\/www.fotosenasturias.es\/#website\",\"url\":\"https:\/\/www.fotosenasturias.es\/\",\"name\":\"Javier F. Santiago | Fot\u00f3grafo\",\"description\":\"\",\"publisher\":{\"@id\":\"https:\/\/www.fotosenasturias.es\/#organization\"},\"potentialAction\":[{\"@type\":\"SearchAction\",\"target\":{\"@type\":\"EntryPoint\",\"urlTemplate\":\"https:\/\/www.fotosenasturias.es\/?s={search_term_string}\"},\"query-input\":{\"@type\":\"PropertyValueSpecification\",\"valueRequired\":true,\"valueName\":\"search_term_string\"}}],\"inLanguage\":\"es\"},{\"@type\":\"Organization\",\"@id\":\"https:\/\/www.fotosenasturias.es\/#organization\",\"name\":\"Javier F. Santiago | Fot\u00f3grafo\",\"url\":\"https:\/\/www.fotosenasturias.es\/\",\"logo\":{\"@type\":\"ImageObject\",\"inLanguage\":\"es\",\"@id\":\"https:\/\/www.fotosenasturias.es\/#\/schema\/logo\/image\/\",\"url\":\"https:\/\/www.fotosenasturias.es\/wp-content\/uploads\/2025\/06\/logo_web.png\",\"contentUrl\":\"https:\/\/www.fotosenasturias.es\/wp-content\/uploads\/2025\/06\/logo_web.png\",\"width\":2000,\"height\":330,\"caption\":\"Javier F. Santiago | Fot\u00f3grafo\"},\"image\":{\"@id\":\"https:\/\/www.fotosenasturias.es\/#\/schema\/logo\/image\/\"}}]}<\/script>\n<!-- \/ Yoast SEO plugin. -->","yoast_head_json":{"title":"Reportajes de Bodas - Javier F. Santiago | Fot\u00f3grafo","description":"Reportaje de bodas en Asturias: fotograf\u00eda profesional, natural y creativa para parejas que quieren recuerdos inolvidables.","robots":{"index":"index","follow":"follow","max-snippet":"max-snippet:-1","max-image-preview":"max-image-preview:large","max-video-preview":"max-video-preview:-1"},"canonical":"https:\/\/www.fotosenasturias.es\/index.php\/reportajes-de-bodas\/","og_locale":"es_ES","og_type":"article","og_title":"Reportajes de Bodas - Javier F. Santiago | Fot\u00f3grafo","og_description":"Reportaje de bodas en Asturias: fotograf\u00eda profesional, natural y creativa para parejas que quieren recuerdos inolvidables.","og_url":"https:\/\/www.fotosenasturias.es\/index.php\/reportajes-de-bodas\/","og_site_name":"Javier F. Santiago | Fot\u00f3grafo","article_modified_time":"2025-10-21T08:14:10+00:00","og_image":[{"width":683,"height":1024,"url":"https:\/\/www.fotosenasturias.es\/wp-content\/uploads\/2025\/06\/boda_1-683x1024.png","type":"image\/png"}],"twitter_card":"summary_large_image","twitter_misc":{"Tiempo de lectura":"3 minutos"},"schema":{"@context":"https:\/\/schema.org","@graph":[{"@type":"WebPage","@id":"https:\/\/www.fotosenasturias.es\/index.php\/reportajes-de-bodas\/","url":"https:\/\/www.fotosenasturias.es\/index.php\/reportajes-de-bodas\/","name":"Reportajes de Bodas - Javier F. Santiago | Fot\u00f3grafo","isPartOf":{"@id":"https:\/\/www.fotosenasturias.es\/#website"},"primaryImageOfPage":{"@id":"https:\/\/www.fotosenasturias.es\/index.php\/reportajes-de-bodas\/#primaryimage"},"image":{"@id":"https:\/\/www.fotosenasturias.es\/index.php\/reportajes-de-bodas\/#primaryimage"},"thumbnailUrl":"https:\/\/www.fotosenasturias.es\/wp-content\/uploads\/2025\/06\/boda_1-768x1152.png","datePublished":"2025-06-30T12:01:43+00:00","dateModified":"2025-10-21T08:14:10+00:00","description":"Reportaje de bodas en Asturias: fotograf\u00eda profesional, natural y creativa para parejas que quieren recuerdos inolvidables.","breadcrumb":{"@id":"https:\/\/www.fotosenasturias.es\/index.php\/reportajes-de-bodas\/#breadcrumb"},"inLanguage":"es","potentialAction":[{"@type":"ReadAction","target":["https:\/\/www.fotosenasturias.es\/index.php\/reportajes-de-bodas\/"]}]},{"@type":"ImageObject","inLanguage":"es","@id":"https:\/\/www.fotosenasturias.es\/index.php\/reportajes-de-bodas\/#primaryimage","url":"https:\/\/www.fotosenasturias.es\/wp-content\/uploads\/2025\/06\/boda_1.png","contentUrl":"https:\/\/www.fotosenasturias.es\/wp-content\/uploads\/2025\/06\/boda_1.png","width":1024,"height":1536,"caption":"Una pareja de novios mir\u00e1ndose melanc\u00f3licamente mientras posan para el fot\u00f3grafo"},{"@type":"BreadcrumbList","@id":"https:\/\/www.fotosenasturias.es\/index.php\/reportajes-de-bodas\/#breadcrumb","itemListElement":[{"@type":"ListItem","position":1,"name":"Portada","item":"https:\/\/www.fotosenasturias.es\/"},{"@type":"ListItem","position":2,"name":"Reportajes de Bodas"}]},{"@type":"WebSite","@id":"https:\/\/www.fotosenasturias.es\/#website","url":"https:\/\/www.fotosenasturias.es\/","name":"Javier F. Santiago | Fot\u00f3grafo","description":"","publisher":{"@id":"https:\/\/www.fotosenasturias.es\/#organization"},"potentialAction":[{"@type":"SearchAction","target":{"@type":"EntryPoint","urlTemplate":"https:\/\/www.fotosenasturias.es\/?s={search_term_string}"},"query-input":{"@type":"PropertyValueSpecification","valueRequired":true,"valueName":"search_term_string"}}],"inLanguage":"es"},{"@type":"Organization","@id":"https:\/\/www.fotosenasturias.es\/#organization","name":"Javier F. Santiago | Fot\u00f3grafo","url":"https:\/\/www.fotosenasturias.es\/","logo":{"@type":"ImageObject","inLanguage":"es","@id":"https:\/\/www.fotosenasturias.es\/#\/schema\/logo\/image\/","url":"https:\/\/www.fotosenasturias.es\/wp-content\/uploads\/2025\/06\/logo_web.png","contentUrl":"https:\/\/www.fotosenasturias.es\/wp-content\/uploads\/2025\/06\/logo_web.png","width":2000,"height":330,"caption":"Javier F. Santiago | Fot\u00f3grafo"},"image":{"@id":"https:\/\/www.fotosenasturias.es\/#\/schema\/logo\/image\/"}}]}},"_links":{"self":[{"href":"https:\/\/www.fotosenasturias.es\/index.php\/wp-json\/wp\/v2\/pages\/94","targetHints":{"allow":["GET"]}}],"collection":[{"href":"https:\/\/www.fotosenasturias.es\/index.php\/wp-json\/wp\/v2\/pages"}],"about":[{"href":"https:\/\/www.fotosenasturias.es\/index.php\/wp-json\/wp\/v2\/types\/page"}],"author":[{"embeddable":true,"href":"https:\/\/www.fotosenasturias.es\/index.php\/wp-json\/wp\/v2\/users\/1"}],"replies":[{"embeddable":true,"href":"https:\/\/www.fotosenasturias.es\/index.php\/wp-json\/wp\/v2\/comments?post=94"}],"version-history":[{"count":78,"href":"https:\/\/www.fotosenasturias.es\/index.php\/wp-json\/wp\/v2\/pages\/94\/revisions"}],"predecessor-version":[{"id":380,"href":"https:\/\/www.fotosenasturias.es\/index.php\/wp-json\/wp\/v2\/pages\/94\/revisions\/380"}],"wp:attachment":[{"href":"https:\/\/www.fotosenasturias.es\/index.php\/wp-json\/wp\/v2\/media?parent=94"}],"curies":[{"name":"wp","href":"https:\/\/api.w.org\/{rel}","templated":true}]}}