{"id":351,"date":"2025-10-08T13:04:13","date_gmt":"2025-10-08T11:04:13","guid":{"rendered":"https:\/\/www.fotosenasturias.es\/?page_id=351"},"modified":"2025-10-23T23:20:16","modified_gmt":"2025-10-23T21:20:16","slug":"eventos","status":"publish","type":"page","link":"https:\/\/www.fotosenasturias.es\/index.php\/eventos\/","title":{"rendered":"EVENTOS"},"content":{"rendered":"\t\t<div data-elementor-type=\"wp-page\" data-elementor-id=\"351\" class=\"elementor elementor-351\" data-elementor-post-type=\"page\">\n\t\t\t\t<div class=\"elementor-element elementor-element-28fac6b e-flex e-con-boxed e-con e-parent\" data-id=\"28fac6b\" data-element_type=\"container\" data-settings=\"{&quot;background_background&quot;:&quot;slideshow&quot;,&quot;background_slideshow_gallery&quot;:[{&quot;id&quot;:353,&quot;url&quot;:&quot;https:\\\/\\\/www.fotosenasturias.es\\\/wp-content\\\/uploads\\\/2025\\\/10\\\/472755072_482126151585848_7670347418665112534_n.jpg&quot;}],&quot;background_slideshow_loop&quot;:&quot;yes&quot;,&quot;background_slideshow_slide_duration&quot;:5000,&quot;background_slideshow_slide_transition&quot;:&quot;fade&quot;,&quot;background_slideshow_transition_duration&quot;:500}\">\n\t\t\t\t\t<div class=\"e-con-inner\">\n\t\t\t\t<div class=\"elementor-element elementor-element-1c55048 elementor-widget elementor-widget-heading\" data-id=\"1c55048\" data-element_type=\"widget\" data-widget_type=\"heading.default\">\n\t\t\t\t<div class=\"elementor-widget-container\">\n\t\t\t\t\t<h1 class=\"elementor-heading-title elementor-size-default\">EVENTOS<\/h1>\t\t\t\t<\/div>\n\t\t\t\t<\/div>\n\t\t\t\t\t<\/div>\n\t\t\t\t<\/div>\n\t\t<div class=\"elementor-element elementor-element-74d7cff e-flex e-con-boxed e-con e-parent\" data-id=\"74d7cff\" data-element_type=\"container\">\n\t\t\t\t\t<div class=\"e-con-inner\">\n\t\t\t\t<div class=\"elementor-element elementor-element-d402ff9 elementor-widget elementor-widget-text-editor\" data-id=\"d402ff9\" data-element_type=\"widget\" data-widget_type=\"text-editor.default\">\n\t\t\t\t<div class=\"elementor-widget-container\">\n\t\t\t\t\t\t\t\t\t<p data-start=\"338\" data-end=\"680\">Me encanta estar donde pasan las cosas. Si est\u00e1s organizando un evento \u2014ya sea una comuni\u00f3n, un cumplea\u00f1os, una fiesta familiar, un concierto, una actividad cultural, deportiva o incluso algo m\u00e1s serio como una presentaci\u00f3n o evento de empresa\u2014 puedes contar conmigo para capturar cada momento con naturalidad y estilo.<\/p><p data-start=\"682\" data-end=\"1055\">Nada de poses forzadas ni fotos aburridas. Me gusta mezclarme entre la gente, pasar desapercibido y atrapar esos gestos espont\u00e1neos, las miradas, los abrazos, las risas\u2026 todo eso que hace que un evento se convierta en un recuerdo \u00fanico. Al final del d\u00eda, tendr\u00e1s una galer\u00eda de im\u00e1genes que realmente te har\u00e1n revivir lo que viviste, sin artificios ni filtros innecesarios.<\/p><p data-start=\"1057\" data-end=\"1395\">Trabajo en exteriores, interiores, de d\u00eda, de noche, con sol, con lluvia (\u00a1que estamos en Asturias!), y me adapto al ritmo y energ\u00eda del evento. \u00bfEs algo peque\u00f1o y familiar? Perfecto. \u00bfEs algo m\u00e1s grande y movido? Tambi\u00e9n me apunto. La idea es que t\u00fa disfrutes sin preocuparte por las fotos: yo me encargo de que todo quede bien guardado.<\/p><p data-start=\"1397\" data-end=\"1775\">Adem\u00e1s, me gusta mantener una comunicaci\u00f3n cercana antes y despu\u00e9s del evento. Me puedes contar qu\u00e9 es lo que no puede faltar, qu\u00e9 tipo de fotos te gustan, si hay momentos clave que no me puedo perder, o simplemente dejar que fluya y confiar en mi estilo. Despu\u00e9s te entregar\u00e9 todo editado con mimo, en alta calidad, listo para compartir, imprimir o simplemente guardar para ti.<\/p>\t\t\t\t\t\t\t\t<\/div>\n\t\t\t\t<\/div>\n\t\t\t\t\t<\/div>\n\t\t\t\t<\/div>\n\t\t<div class=\"elementor-element elementor-element-32db3c9 e-flex e-con-boxed e-con e-parent\" data-id=\"32db3c9\" data-element_type=\"container\" data-settings=\"{&quot;background_background&quot;:&quot;classic&quot;}\">\n\t\t\t\t\t<div class=\"e-con-inner\">\n\t\t\t\t<div class=\"elementor-element elementor-element-9d22161 elementor-widget elementor-widget-heading\" data-id=\"9d22161\" data-element_type=\"widget\" data-widget_type=\"heading.default\">\n\t\t\t\t<div class=\"elementor-widget-container\">\n\t\t\t\t\t<h2 class=\"elementor-heading-title elementor-size-default\">conf\u00edan en nosotros<\/h2>\t\t\t\t<\/div>\n\t\t\t\t<\/div>\n\t\t<div class=\"elementor-element elementor-element-c565edf e-con-full e-flex e-con e-child\" data-id=\"c565edf\" data-element_type=\"container\">\n\t\t\t\t<div class=\"elementor-element elementor-element-56658fd elementor-pagination-position-outside elementor-widget elementor-widget-image-carousel\" data-id=\"56658fd\" data-element_type=\"widget\" data-settings=\"{&quot;navigation&quot;:&quot;dots&quot;,&quot;autoplay&quot;:&quot;yes&quot;,&quot;pause_on_hover&quot;:&quot;yes&quot;,&quot;pause_on_interaction&quot;:&quot;yes&quot;,&quot;autoplay_speed&quot;:5000,&quot;infinite&quot;:&quot;yes&quot;,&quot;speed&quot;:500}\" data-widget_type=\"image-carousel.default\">\n\t\t\t\t<div class=\"elementor-widget-container\">\n\t\t\t\t\t\t\t<div class=\"elementor-image-carousel-wrapper swiper\" role=\"region\" aria-roledescription=\"carousel\" aria-label=\"Carrusel de im\u00e1genes\" dir=\"ltr\">\n\t\t\t<div class=\"elementor-image-carousel swiper-wrapper\" aria-live=\"off\">\n\t\t\t\t\t\t\t\t<div class=\"swiper-slide\" role=\"group\" aria-roledescription=\"slide\" aria-label=\"1 de 4\"><figure class=\"swiper-slide-inner\"><img decoding=\"async\" class=\"swiper-slide-image\" src=\"https:\/\/www.fotosenasturias.es\/wp-content\/uploads\/2025\/07\/cao-300x138.png\" alt=\"cao\" \/><\/figure><\/div><div class=\"swiper-slide\" role=\"group\" aria-roledescription=\"slide\" aria-label=\"2 de 4\"><figure class=\"swiper-slide-inner\"><img decoding=\"async\" class=\"swiper-slide-image\" src=\"https:\/\/www.fotosenasturias.es\/wp-content\/uploads\/2025\/07\/aparejadores-300x138.png\" alt=\"aparejadores\" \/><\/figure><\/div><div class=\"swiper-slide\" role=\"group\" aria-roledescription=\"slide\" aria-label=\"3 de 4\"><figure class=\"swiper-slide-inner\"><img decoding=\"async\" class=\"swiper-slide-image\" src=\"https:\/\/www.fotosenasturias.es\/wp-content\/uploads\/2025\/07\/ica_oviedo-300x138.png\" alt=\"ica_oviedo\" \/><\/figure><\/div><div class=\"swiper-slide\" role=\"group\" aria-roledescription=\"slide\" aria-label=\"4 de 4\"><figure class=\"swiper-slide-inner\"><img decoding=\"async\" class=\"swiper-slide-image\" src=\"https:\/\/www.fotosenasturias.es\/wp-content\/uploads\/2025\/07\/lupa-300x138.png\" alt=\"lupa\" \/><\/figure><\/div>\t\t\t<\/div>\n\t\t\t\t\t\t\t\n\t\t\t\t\t\t\t\t\t<div class=\"swiper-pagination\"><\/div>\n\t\t\t\t\t\t\t\t\t<\/div>\n\t\t\t\t\t\t<\/div>\n\t\t\t\t<\/div>\n\t\t\t\t<\/div>\n\t\t\t\t\t<\/div>\n\t\t\t\t<\/div>\n\t\t<div class=\"elementor-element elementor-element-1d91729 e-flex e-con-boxed e-con e-parent\" data-id=\"1d91729\" data-element_type=\"container\">\n\t\t\t\t\t<div class=\"e-con-inner\">\n\t\t\t\t<div class=\"elementor-element elementor-element-acb5eea gallery-spacing-custom elementor-widget__width-inherit elementor-widget elementor-widget-image-gallery\" data-id=\"acb5eea\" data-element_type=\"widget\" data-widget_type=\"image-gallery.default\">\n\t\t\t\t<div class=\"elementor-widget-container\">\n\t\t\t\t\t\t\t<div class=\"elementor-image-gallery\">\n\t\t\t<div id='gallery-1' class='gallery galleryid-351 gallery-columns-3 gallery-size-large'><figure class='gallery-item'>\n\t\t\t<div class='gallery-icon landscape'>\n\t\t\t\t<img fetchpriority=\"high\" decoding=\"async\" width=\"960\" height=\"640\" src=\"https:\/\/www.fotosenasturias.es\/wp-content\/uploads\/2025\/10\/IMG_6763-1024x683.jpg\" class=\"attachment-large size-large\" alt=\"\" srcset=\"https:\/\/www.fotosenasturias.es\/wp-content\/uploads\/2025\/10\/IMG_6763-1024x683.jpg 1024w, https:\/\/www.fotosenasturias.es\/wp-content\/uploads\/2025\/10\/IMG_6763-300x200.jpg 300w, https:\/\/www.fotosenasturias.es\/wp-content\/uploads\/2025\/10\/IMG_6763-768x512.jpg 768w, https:\/\/www.fotosenasturias.es\/wp-content\/uploads\/2025\/10\/IMG_6763-1536x1024.jpg 1536w, https:\/\/www.fotosenasturias.es\/wp-content\/uploads\/2025\/10\/IMG_6763-2048x1365.jpg 2048w, https:\/\/www.fotosenasturias.es\/wp-content\/uploads\/2025\/10\/IMG_6763-1140x760.jpg 1140w\" sizes=\"(max-width: 960px) 100vw, 960px\" \/>\n\t\t\t<\/div><\/figure><figure class='gallery-item'>\n\t\t\t<div class='gallery-icon landscape'>\n\t\t\t\t<img decoding=\"async\" width=\"960\" height=\"639\" src=\"https:\/\/www.fotosenasturias.es\/wp-content\/uploads\/2025\/10\/WhatsApp-Image-2025-10-19-at-16.47.12-1024x682.jpeg\" class=\"attachment-large size-large\" alt=\"\" srcset=\"https:\/\/www.fotosenasturias.es\/wp-content\/uploads\/2025\/10\/WhatsApp-Image-2025-10-19-at-16.47.12-1024x682.jpeg 1024w, https:\/\/www.fotosenasturias.es\/wp-content\/uploads\/2025\/10\/WhatsApp-Image-2025-10-19-at-16.47.12-300x200.jpeg 300w, https:\/\/www.fotosenasturias.es\/wp-content\/uploads\/2025\/10\/WhatsApp-Image-2025-10-19-at-16.47.12-768x512.jpeg 768w, https:\/\/www.fotosenasturias.es\/wp-content\/uploads\/2025\/10\/WhatsApp-Image-2025-10-19-at-16.47.12-1536x1023.jpeg 1536w, https:\/\/www.fotosenasturias.es\/wp-content\/uploads\/2025\/10\/WhatsApp-Image-2025-10-19-at-16.47.12-1140x760.jpeg 1140w, https:\/\/www.fotosenasturias.es\/wp-content\/uploads\/2025\/10\/WhatsApp-Image-2025-10-19-at-16.47.12.jpeg 1600w\" sizes=\"(max-width: 960px) 100vw, 960px\" \/>\n\t\t\t<\/div><\/figure><figure class='gallery-item'>\n\t\t\t<div class='gallery-icon landscape'>\n\t\t\t\t<img decoding=\"async\" width=\"960\" height=\"640\" src=\"https:\/\/www.fotosenasturias.es\/wp-content\/uploads\/2025\/06\/480965552_514254415039688_5737229536672336549_n-1024x683.jpg\" class=\"attachment-large size-large\" alt=\"\" srcset=\"https:\/\/www.fotosenasturias.es\/wp-content\/uploads\/2025\/06\/480965552_514254415039688_5737229536672336549_n-1024x683.jpg 1024w, https:\/\/www.fotosenasturias.es\/wp-content\/uploads\/2025\/06\/480965552_514254415039688_5737229536672336549_n-300x200.jpg 300w, https:\/\/www.fotosenasturias.es\/wp-content\/uploads\/2025\/06\/480965552_514254415039688_5737229536672336549_n-768x512.jpg 768w, https:\/\/www.fotosenasturias.es\/wp-content\/uploads\/2025\/06\/480965552_514254415039688_5737229536672336549_n-1140x760.jpg 1140w, https:\/\/www.fotosenasturias.es\/wp-content\/uploads\/2025\/06\/480965552_514254415039688_5737229536672336549_n.jpg 1200w\" sizes=\"(max-width: 960px) 100vw, 960px\" \/>\n\t\t\t<\/div><\/figure><figure class='gallery-item'>\n\t\t\t<div class='gallery-icon landscape'>\n\t\t\t\t<img loading=\"lazy\" decoding=\"async\" width=\"960\" height=\"640\" src=\"https:\/\/www.fotosenasturias.es\/wp-content\/uploads\/2025\/10\/IMG_7615-web-1024x683.jpg\" class=\"attachment-large size-large\" alt=\"\" srcset=\"https:\/\/www.fotosenasturias.es\/wp-content\/uploads\/2025\/10\/IMG_7615-web-1024x683.jpg 1024w, https:\/\/www.fotosenasturias.es\/wp-content\/uploads\/2025\/10\/IMG_7615-web-300x200.jpg 300w, https:\/\/www.fotosenasturias.es\/wp-content\/uploads\/2025\/10\/IMG_7615-web-768x512.jpg 768w, https:\/\/www.fotosenasturias.es\/wp-content\/uploads\/2025\/10\/IMG_7615-web-1536x1024.jpg 1536w, https:\/\/www.fotosenasturias.es\/wp-content\/uploads\/2025\/10\/IMG_7615-web-2048x1365.jpg 2048w, https:\/\/www.fotosenasturias.es\/wp-content\/uploads\/2025\/10\/IMG_7615-web-1140x760.jpg 1140w\" sizes=\"(max-width: 960px) 100vw, 960px\" \/>\n\t\t\t<\/div><\/figure><figure class='gallery-item'>\n\t\t\t<div class='gallery-icon landscape'>\n\t\t\t\t<img loading=\"lazy\" decoding=\"async\" width=\"960\" height=\"640\" src=\"https:\/\/www.fotosenasturias.es\/wp-content\/uploads\/2025\/10\/IMG_5982_web-1024x683.jpg\" class=\"attachment-large size-large\" alt=\"\" srcset=\"https:\/\/www.fotosenasturias.es\/wp-content\/uploads\/2025\/10\/IMG_5982_web-1024x683.jpg 1024w, https:\/\/www.fotosenasturias.es\/wp-content\/uploads\/2025\/10\/IMG_5982_web-300x200.jpg 300w, https:\/\/www.fotosenasturias.es\/wp-content\/uploads\/2025\/10\/IMG_5982_web-768x512.jpg 768w, https:\/\/www.fotosenasturias.es\/wp-content\/uploads\/2025\/10\/IMG_5982_web-1536x1024.jpg 1536w, https:\/\/www.fotosenasturias.es\/wp-content\/uploads\/2025\/10\/IMG_5982_web-2048x1365.jpg 2048w, https:\/\/www.fotosenasturias.es\/wp-content\/uploads\/2025\/10\/IMG_5982_web-1140x760.jpg 1140w\" sizes=\"(max-width: 960px) 100vw, 960px\" \/>\n\t\t\t<\/div><\/figure><figure class='gallery-item'>\n\t\t\t<div class='gallery-icon landscape'>\n\t\t\t\t<img loading=\"lazy\" decoding=\"async\" width=\"960\" height=\"640\" src=\"https:\/\/www.fotosenasturias.es\/wp-content\/uploads\/2025\/10\/IMG_7098_web-1024x683.jpg\" class=\"attachment-large size-large\" alt=\"\" srcset=\"https:\/\/www.fotosenasturias.es\/wp-content\/uploads\/2025\/10\/IMG_7098_web-1024x683.jpg 1024w, https:\/\/www.fotosenasturias.es\/wp-content\/uploads\/2025\/10\/IMG_7098_web-300x200.jpg 300w, https:\/\/www.fotosenasturias.es\/wp-content\/uploads\/2025\/10\/IMG_7098_web-768x512.jpg 768w, https:\/\/www.fotosenasturias.es\/wp-content\/uploads\/2025\/10\/IMG_7098_web-1536x1024.jpg 1536w, https:\/\/www.fotosenasturias.es\/wp-content\/uploads\/2025\/10\/IMG_7098_web-2048x1365.jpg 2048w, https:\/\/www.fotosenasturias.es\/wp-content\/uploads\/2025\/10\/IMG_7098_web-1140x760.jpg 1140w\" sizes=\"(max-width: 960px) 100vw, 960px\" \/>\n\t\t\t<\/div><\/figure>\n\t\t<\/div>\n\t\t<\/div>\n\t\t\t\t\t\t<\/div>\n\t\t\t\t<\/div>\n\t\t\t\t\t<\/div>\n\t\t\t\t<\/div>\n\t\t\t\t<\/div>\n\t\t","protected":false},"excerpt":{"rendered":"<p>EVENTOS Me encanta estar donde pasan las cosas. Si est\u00e1s organizando un evento \u2014ya sea una comuni\u00f3n, un cumplea\u00f1os, una fiesta familiar, un concierto, una actividad cultural, deportiva o incluso algo m\u00e1s serio como una presentaci\u00f3n o evento de empresa\u2014 puedes contar conmigo para capturar cada momento con naturalidad y estilo. Nada de poses forzadas ni fotos aburridas. Me gusta mezclarme entre la gente, pasar desapercibido y atrapar esos gestos espont\u00e1neos, las miradas, los abrazos, las risas\u2026 todo eso que hace que un evento se convierta en un recuerdo \u00fanico. Al final del d\u00eda, tendr\u00e1s una galer\u00eda de im\u00e1genes que realmente te har\u00e1n revivir lo que viviste, sin artificios ni filtros innecesarios. Trabajo en exteriores, interiores, de d\u00eda, de noche, con sol, con lluvia (\u00a1que estamos en Asturias!), y me adapto al ritmo y energ\u00eda del evento. \u00bfEs algo peque\u00f1o y familiar? Perfecto. \u00bfEs algo m\u00e1s grande y movido? Tambi\u00e9n me apunto. La idea es que t\u00fa disfrutes sin preocuparte por las fotos: yo me encargo de que todo quede bien guardado. Adem\u00e1s, me gusta mantener una comunicaci\u00f3n cercana antes y despu\u00e9s del evento. Me puedes contar qu\u00e9 es lo que no puede faltar, qu\u00e9 tipo de fotos te gustan, si hay momentos clave que no me puedo perder, o simplemente dejar que fluya y confiar en mi estilo. Despu\u00e9s te entregar\u00e9 todo editado con mimo, en alta calidad, listo para compartir, imprimir o simplemente guardar para ti. conf\u00edan en nosotros<\/p>\n","protected":false},"author":1,"featured_media":0,"parent":0,"menu_order":0,"comment_status":"closed","ping_status":"closed","template":"elementor_header_footer","meta":{"footnotes":""},"class_list":["post-351","page","type-page","status-publish","hentry"],"yoast_head":"<!-- This site is optimized with the Yoast SEO plugin v26.2 - https:\/\/yoast.com\/wordpress\/plugins\/seo\/ -->\n<title>EVENTOS - Javier F. Santiago | Fot\u00f3grafo<\/title>\n<meta name=\"robots\" content=\"index, follow, max-snippet:-1, max-image-preview:large, max-video-preview:-1\" \/>\n<link rel=\"canonical\" href=\"https:\/\/www.fotosenasturias.es\/index.php\/eventos\/\" \/>\n<meta property=\"og:locale\" content=\"es_ES\" \/>\n<meta property=\"og:type\" content=\"article\" \/>\n<meta property=\"og:title\" content=\"EVENTOS - Javier F. Santiago | Fot\u00f3grafo\" \/>\n<meta property=\"og:description\" content=\"EVENTOS Me encanta estar donde pasan las cosas. Si est\u00e1s organizando un evento \u2014ya sea una comuni\u00f3n, un cumplea\u00f1os, una fiesta familiar, un concierto, una actividad cultural, deportiva o incluso algo m\u00e1s serio como una presentaci\u00f3n o evento de empresa\u2014 puedes contar conmigo para capturar cada momento con naturalidad y estilo. Nada de poses forzadas ni fotos aburridas. Me gusta mezclarme entre la gente, pasar desapercibido y atrapar esos gestos espont\u00e1neos, las miradas, los abrazos, las risas\u2026 todo eso que hace que un evento se convierta en un recuerdo \u00fanico. Al final del d\u00eda, tendr\u00e1s una galer\u00eda de im\u00e1genes que realmente te har\u00e1n revivir lo que viviste, sin artificios ni filtros innecesarios. Trabajo en exteriores, interiores, de d\u00eda, de noche, con sol, con lluvia (\u00a1que estamos en Asturias!), y me adapto al ritmo y energ\u00eda del evento. \u00bfEs algo peque\u00f1o y familiar? Perfecto. \u00bfEs algo m\u00e1s grande y movido? Tambi\u00e9n me apunto. La idea es que t\u00fa disfrutes sin preocuparte por las fotos: yo me encargo de que todo quede bien guardado. Adem\u00e1s, me gusta mantener una comunicaci\u00f3n cercana antes y despu\u00e9s del evento. Me puedes contar qu\u00e9 es lo que no puede faltar, qu\u00e9 tipo de fotos te gustan, si hay momentos clave que no me puedo perder, o simplemente dejar que fluya y confiar en mi estilo. Despu\u00e9s te entregar\u00e9 todo editado con mimo, en alta calidad, listo para compartir, imprimir o simplemente guardar para ti. conf\u00edan en nosotros\" \/>\n<meta property=\"og:url\" content=\"https:\/\/www.fotosenasturias.es\/index.php\/eventos\/\" \/>\n<meta property=\"og:site_name\" content=\"Javier F. Santiago | Fot\u00f3grafo\" \/>\n<meta property=\"article:modified_time\" content=\"2025-10-23T21:20:16+00:00\" \/>\n<meta property=\"og:image\" content=\"https:\/\/www.fotosenasturias.es\/wp-content\/uploads\/2025\/07\/cao-300x138.png\" \/>\n<meta name=\"twitter:card\" content=\"summary_large_image\" \/>\n<meta name=\"twitter:label1\" content=\"Tiempo de lectura\" \/>\n\t<meta name=\"twitter:data1\" content=\"5 minutos\" \/>\n<script type=\"application\/ld+json\" class=\"yoast-schema-graph\">{\"@context\":\"https:\/\/schema.org\",\"@graph\":[{\"@type\":\"WebPage\",\"@id\":\"https:\/\/www.fotosenasturias.es\/index.php\/eventos\/\",\"url\":\"https:\/\/www.fotosenasturias.es\/index.php\/eventos\/\",\"name\":\"EVENTOS - Javier F. Santiago | Fot\u00f3grafo\",\"isPartOf\":{\"@id\":\"https:\/\/www.fotosenasturias.es\/#website\"},\"primaryImageOfPage\":{\"@id\":\"https:\/\/www.fotosenasturias.es\/index.php\/eventos\/#primaryimage\"},\"image\":{\"@id\":\"https:\/\/www.fotosenasturias.es\/index.php\/eventos\/#primaryimage\"},\"thumbnailUrl\":\"https:\/\/www.fotosenasturias.es\/wp-content\/uploads\/2025\/07\/cao-300x138.png\",\"datePublished\":\"2025-10-08T11:04:13+00:00\",\"dateModified\":\"2025-10-23T21:20:16+00:00\",\"breadcrumb\":{\"@id\":\"https:\/\/www.fotosenasturias.es\/index.php\/eventos\/#breadcrumb\"},\"inLanguage\":\"es\",\"potentialAction\":[{\"@type\":\"ReadAction\",\"target\":[\"https:\/\/www.fotosenasturias.es\/index.php\/eventos\/\"]}]},{\"@type\":\"ImageObject\",\"inLanguage\":\"es\",\"@id\":\"https:\/\/www.fotosenasturias.es\/index.php\/eventos\/#primaryimage\",\"url\":\"https:\/\/www.fotosenasturias.es\/wp-content\/uploads\/2025\/07\/cao.png\",\"contentUrl\":\"https:\/\/www.fotosenasturias.es\/wp-content\/uploads\/2025\/07\/cao.png\",\"width\":600,\"height\":276},{\"@type\":\"BreadcrumbList\",\"@id\":\"https:\/\/www.fotosenasturias.es\/index.php\/eventos\/#breadcrumb\",\"itemListElement\":[{\"@type\":\"ListItem\",\"position\":1,\"name\":\"Portada\",\"item\":\"https:\/\/www.fotosenasturias.es\/\"},{\"@type\":\"ListItem\",\"position\":2,\"name\":\"EVENTOS\"}]},{\"@type\":\"WebSite\",\"@id\":\"https:\/\/www.fotosenasturias.es\/#website\",\"url\":\"https:\/\/www.fotosenasturias.es\/\",\"name\":\"Javier F. Santiago | Fot\u00f3grafo\",\"description\":\"\",\"publisher\":{\"@id\":\"https:\/\/www.fotosenasturias.es\/#organization\"},\"potentialAction\":[{\"@type\":\"SearchAction\",\"target\":{\"@type\":\"EntryPoint\",\"urlTemplate\":\"https:\/\/www.fotosenasturias.es\/?s={search_term_string}\"},\"query-input\":{\"@type\":\"PropertyValueSpecification\",\"valueRequired\":true,\"valueName\":\"search_term_string\"}}],\"inLanguage\":\"es\"},{\"@type\":\"Organization\",\"@id\":\"https:\/\/www.fotosenasturias.es\/#organization\",\"name\":\"Javier F. Santiago | Fot\u00f3grafo\",\"url\":\"https:\/\/www.fotosenasturias.es\/\",\"logo\":{\"@type\":\"ImageObject\",\"inLanguage\":\"es\",\"@id\":\"https:\/\/www.fotosenasturias.es\/#\/schema\/logo\/image\/\",\"url\":\"https:\/\/www.fotosenasturias.es\/wp-content\/uploads\/2025\/06\/logo_web.png\",\"contentUrl\":\"https:\/\/www.fotosenasturias.es\/wp-content\/uploads\/2025\/06\/logo_web.png\",\"width\":2000,\"height\":330,\"caption\":\"Javier F. Santiago | Fot\u00f3grafo\"},\"image\":{\"@id\":\"https:\/\/www.fotosenasturias.es\/#\/schema\/logo\/image\/\"}}]}<\/script>\n<!-- \/ Yoast SEO plugin. -->","yoast_head_json":{"title":"EVENTOS - Javier F. Santiago | Fot\u00f3grafo","robots":{"index":"index","follow":"follow","max-snippet":"max-snippet:-1","max-image-preview":"max-image-preview:large","max-video-preview":"max-video-preview:-1"},"canonical":"https:\/\/www.fotosenasturias.es\/index.php\/eventos\/","og_locale":"es_ES","og_type":"article","og_title":"EVENTOS - Javier F. Santiago | Fot\u00f3grafo","og_description":"EVENTOS Me encanta estar donde pasan las cosas. Si est\u00e1s organizando un evento \u2014ya sea una comuni\u00f3n, un cumplea\u00f1os, una fiesta familiar, un concierto, una actividad cultural, deportiva o incluso algo m\u00e1s serio como una presentaci\u00f3n o evento de empresa\u2014 puedes contar conmigo para capturar cada momento con naturalidad y estilo. Nada de poses forzadas ni fotos aburridas. Me gusta mezclarme entre la gente, pasar desapercibido y atrapar esos gestos espont\u00e1neos, las miradas, los abrazos, las risas\u2026 todo eso que hace que un evento se convierta en un recuerdo \u00fanico. Al final del d\u00eda, tendr\u00e1s una galer\u00eda de im\u00e1genes que realmente te har\u00e1n revivir lo que viviste, sin artificios ni filtros innecesarios. Trabajo en exteriores, interiores, de d\u00eda, de noche, con sol, con lluvia (\u00a1que estamos en Asturias!), y me adapto al ritmo y energ\u00eda del evento. \u00bfEs algo peque\u00f1o y familiar? Perfecto. \u00bfEs algo m\u00e1s grande y movido? Tambi\u00e9n me apunto. La idea es que t\u00fa disfrutes sin preocuparte por las fotos: yo me encargo de que todo quede bien guardado. Adem\u00e1s, me gusta mantener una comunicaci\u00f3n cercana antes y despu\u00e9s del evento. Me puedes contar qu\u00e9 es lo que no puede faltar, qu\u00e9 tipo de fotos te gustan, si hay momentos clave que no me puedo perder, o simplemente dejar que fluya y confiar en mi estilo. Despu\u00e9s te entregar\u00e9 todo editado con mimo, en alta calidad, listo para compartir, imprimir o simplemente guardar para ti. conf\u00edan en nosotros","og_url":"https:\/\/www.fotosenasturias.es\/index.php\/eventos\/","og_site_name":"Javier F. Santiago | Fot\u00f3grafo","article_modified_time":"2025-10-23T21:20:16+00:00","og_image":[{"url":"https:\/\/www.fotosenasturias.es\/wp-content\/uploads\/2025\/07\/cao-300x138.png","type":"","width":"","height":""}],"twitter_card":"summary_large_image","twitter_misc":{"Tiempo de lectura":"5 minutos"},"schema":{"@context":"https:\/\/schema.org","@graph":[{"@type":"WebPage","@id":"https:\/\/www.fotosenasturias.es\/index.php\/eventos\/","url":"https:\/\/www.fotosenasturias.es\/index.php\/eventos\/","name":"EVENTOS - Javier F. Santiago | Fot\u00f3grafo","isPartOf":{"@id":"https:\/\/www.fotosenasturias.es\/#website"},"primaryImageOfPage":{"@id":"https:\/\/www.fotosenasturias.es\/index.php\/eventos\/#primaryimage"},"image":{"@id":"https:\/\/www.fotosenasturias.es\/index.php\/eventos\/#primaryimage"},"thumbnailUrl":"https:\/\/www.fotosenasturias.es\/wp-content\/uploads\/2025\/07\/cao-300x138.png","datePublished":"2025-10-08T11:04:13+00:00","dateModified":"2025-10-23T21:20:16+00:00","breadcrumb":{"@id":"https:\/\/www.fotosenasturias.es\/index.php\/eventos\/#breadcrumb"},"inLanguage":"es","potentialAction":[{"@type":"ReadAction","target":["https:\/\/www.fotosenasturias.es\/index.php\/eventos\/"]}]},{"@type":"ImageObject","inLanguage":"es","@id":"https:\/\/www.fotosenasturias.es\/index.php\/eventos\/#primaryimage","url":"https:\/\/www.fotosenasturias.es\/wp-content\/uploads\/2025\/07\/cao.png","contentUrl":"https:\/\/www.fotosenasturias.es\/wp-content\/uploads\/2025\/07\/cao.png","width":600,"height":276},{"@type":"BreadcrumbList","@id":"https:\/\/www.fotosenasturias.es\/index.php\/eventos\/#breadcrumb","itemListElement":[{"@type":"ListItem","position":1,"name":"Portada","item":"https:\/\/www.fotosenasturias.es\/"},{"@type":"ListItem","position":2,"name":"EVENTOS"}]},{"@type":"WebSite","@id":"https:\/\/www.fotosenasturias.es\/#website","url":"https:\/\/www.fotosenasturias.es\/","name":"Javier F. Santiago | Fot\u00f3grafo","description":"","publisher":{"@id":"https:\/\/www.fotosenasturias.es\/#organization"},"potentialAction":[{"@type":"SearchAction","target":{"@type":"EntryPoint","urlTemplate":"https:\/\/www.fotosenasturias.es\/?s={search_term_string}"},"query-input":{"@type":"PropertyValueSpecification","valueRequired":true,"valueName":"search_term_string"}}],"inLanguage":"es"},{"@type":"Organization","@id":"https:\/\/www.fotosenasturias.es\/#organization","name":"Javier F. Santiago | Fot\u00f3grafo","url":"https:\/\/www.fotosenasturias.es\/","logo":{"@type":"ImageObject","inLanguage":"es","@id":"https:\/\/www.fotosenasturias.es\/#\/schema\/logo\/image\/","url":"https:\/\/www.fotosenasturias.es\/wp-content\/uploads\/2025\/06\/logo_web.png","contentUrl":"https:\/\/www.fotosenasturias.es\/wp-content\/uploads\/2025\/06\/logo_web.png","width":2000,"height":330,"caption":"Javier F. Santiago | Fot\u00f3grafo"},"image":{"@id":"https:\/\/www.fotosenasturias.es\/#\/schema\/logo\/image\/"}}]}},"_links":{"self":[{"href":"https:\/\/www.fotosenasturias.es\/index.php\/wp-json\/wp\/v2\/pages\/351","targetHints":{"allow":["GET"]}}],"collection":[{"href":"https:\/\/www.fotosenasturias.es\/index.php\/wp-json\/wp\/v2\/pages"}],"about":[{"href":"https:\/\/www.fotosenasturias.es\/index.php\/wp-json\/wp\/v2\/types\/page"}],"author":[{"embeddable":true,"href":"https:\/\/www.fotosenasturias.es\/index.php\/wp-json\/wp\/v2\/users\/1"}],"replies":[{"embeddable":true,"href":"https:\/\/www.fotosenasturias.es\/index.php\/wp-json\/wp\/v2\/comments?post=351"}],"version-history":[{"count":17,"href":"https:\/\/www.fotosenasturias.es\/index.php\/wp-json\/wp\/v2\/pages\/351\/revisions"}],"predecessor-version":[{"id":403,"href":"https:\/\/www.fotosenasturias.es\/index.php\/wp-json\/wp\/v2\/pages\/351\/revisions\/403"}],"wp:attachment":[{"href":"https:\/\/www.fotosenasturias.es\/index.php\/wp-json\/wp\/v2\/media?parent=351"}],"curies":[{"name":"wp","href":"https:\/\/api.w.org\/{rel}","templated":true}]}}