{"id":294,"date":"2025-07-04T12:22:26","date_gmt":"2025-07-04T10:22:26","guid":{"rendered":"https:\/\/www.fotosenasturias.es\/?page_id=294"},"modified":"2025-10-04T13:08:47","modified_gmt":"2025-10-04T11:08:47","slug":"prensa","status":"publish","type":"page","link":"https:\/\/www.fotosenasturias.es\/index.php\/prensa\/","title":{"rendered":"PRENSA"},"content":{"rendered":"\t\t<div data-elementor-type=\"wp-page\" data-elementor-id=\"294\" class=\"elementor elementor-294\" data-elementor-post-type=\"page\">\n\t\t\t\t<div class=\"elementor-element elementor-element-28fac6b e-flex e-con-boxed e-con e-parent\" data-id=\"28fac6b\" data-element_type=\"container\" data-settings=\"{&quot;background_background&quot;:&quot;slideshow&quot;,&quot;background_slideshow_gallery&quot;:[{&quot;id&quot;:56,&quot;url&quot;:&quot;https:\\\/\\\/www.fotosenasturias.es\\\/wp-content\\\/uploads\\\/2025\\\/06\\\/476339240_503218482809948_2384567031779805021_n.jpg&quot;}],&quot;background_slideshow_loop&quot;:&quot;yes&quot;,&quot;background_slideshow_slide_duration&quot;:5000,&quot;background_slideshow_slide_transition&quot;:&quot;fade&quot;,&quot;background_slideshow_transition_duration&quot;:500}\">\n\t\t\t\t\t<div class=\"e-con-inner\">\n\t\t\t\t<div class=\"elementor-element elementor-element-1c55048 elementor-widget elementor-widget-heading\" data-id=\"1c55048\" data-element_type=\"widget\" data-widget_type=\"heading.default\">\n\t\t\t\t<div class=\"elementor-widget-container\">\n\t\t\t\t\t<h1 class=\"elementor-heading-title elementor-size-default\">FOTOPERIODISMO<\/h1>\t\t\t\t<\/div>\n\t\t\t\t<\/div>\n\t\t\t\t\t<\/div>\n\t\t\t\t<\/div>\n\t\t<div class=\"elementor-element elementor-element-74d7cff e-flex e-con-boxed e-con e-parent\" data-id=\"74d7cff\" data-element_type=\"container\">\n\t\t\t\t\t<div class=\"e-con-inner\">\n\t\t\t\t<div class=\"elementor-element elementor-element-d402ff9 elementor-widget elementor-widget-text-editor\" data-id=\"d402ff9\" data-element_type=\"widget\" data-widget_type=\"text-editor.default\">\n\t\t\t\t<div class=\"elementor-widget-container\">\n\t\t\t\t\t\t\t\t\t<p data-start=\"258\" data-end=\"664\">Como fot\u00f3grafo profesional, cuento con una amplia trayectoria documentando la actualidad para clientes cuyas im\u00e1genes han sido publicadas en medios de referencia como <em data-start=\"466\" data-end=\"483\">La Nueva Espa\u00f1a<\/em>, <em data-start=\"485\" data-end=\"498\">El Comercio<\/em>, Televisi\u00f3n de Galicia, TVE, TPA y <em data-start=\"534\" data-end=\"544\">MiOviedo<\/em>, entre otros. Mi trabajo combina rigor informativo, sensibilidad visual y compromiso con la verdad, ofreciendo fotograf\u00eda period\u00edstica de alta calidad adaptada a prensa, televisi\u00f3n y medios digitales.<\/p><p data-start=\"666\" data-end=\"986\">Realizo <strong data-start=\"674\" data-end=\"778\">reportajes fotogr\u00e1ficos de noticias, eventos institucionales, sucesos, actualidad social y deportiva<\/strong>, siempre con rapidez y profesionalidad. Si necesitas un <strong data-start=\"835\" data-end=\"900\">fot\u00f3grafo de prensa en Asturias, Galicia o el norte de Espa\u00f1a<\/strong>, puedo ayudarte a cubrir cualquier acontecimiento con im\u00e1genes impactantes y veraces.<\/p><p data-start=\"666\" data-end=\"986\">Adem\u00e1s, formo parte de <strong data-start=\"216\" data-end=\"225\">Alamy<\/strong>, una de las agencias de fotograf\u00eda m\u00e1s reconocidas a nivel internacional, con un extenso archivo editorial y creativo distribuido en medios de todo el mundo. Mi colaboraci\u00f3n con Alamy garantiza que mi trabajo cumpla con los m\u00e1s altos est\u00e1ndares de calidad, rigor y profesionalidad, y que pueda tener difusi\u00f3n global en prensa, publicaciones especializadas y plataformas digitales. Esta proyecci\u00f3n internacional refuerza mi compromiso con un <strong data-start=\"667\" data-end=\"698\">fotoperiodismo de confianza<\/strong>, capaz de contar historias relevantes con im\u00e1genes que trascienden fronteras.<\/p>\t\t\t\t\t\t\t\t<\/div>\n\t\t\t\t<\/div>\n\t\t\t\t\t<\/div>\n\t\t\t\t<\/div>\n\t\t<div class=\"elementor-element elementor-element-32db3c9 e-flex e-con-boxed e-con e-parent\" data-id=\"32db3c9\" data-element_type=\"container\" data-settings=\"{&quot;background_background&quot;:&quot;classic&quot;}\">\n\t\t\t\t\t<div class=\"e-con-inner\">\n\t\t\t\t<div class=\"elementor-element elementor-element-9d22161 elementor-widget elementor-widget-heading\" data-id=\"9d22161\" data-element_type=\"widget\" data-widget_type=\"heading.default\">\n\t\t\t\t<div class=\"elementor-widget-container\">\n\t\t\t\t\t<h2 class=\"elementor-heading-title elementor-size-default\">medios de comunicaci\u00f3n que publican nuestras fotos<\/h2>\t\t\t\t<\/div>\n\t\t\t\t<\/div>\n\t\t<div class=\"elementor-element elementor-element-c565edf e-con-full e-flex e-con e-child\" data-id=\"c565edf\" data-element_type=\"container\">\n\t\t\t\t<div class=\"elementor-element elementor-element-56658fd elementor-pagination-position-outside elementor-widget elementor-widget-image-carousel\" data-id=\"56658fd\" data-element_type=\"widget\" data-settings=\"{&quot;navigation&quot;:&quot;dots&quot;,&quot;autoplay&quot;:&quot;yes&quot;,&quot;pause_on_hover&quot;:&quot;yes&quot;,&quot;pause_on_interaction&quot;:&quot;yes&quot;,&quot;autoplay_speed&quot;:5000,&quot;infinite&quot;:&quot;yes&quot;,&quot;speed&quot;:500}\" data-widget_type=\"image-carousel.default\">\n\t\t\t\t<div class=\"elementor-widget-container\">\n\t\t\t\t\t\t\t<div class=\"elementor-image-carousel-wrapper swiper\" role=\"region\" aria-roledescription=\"carousel\" aria-label=\"Carrusel de im\u00e1genes\" dir=\"ltr\">\n\t\t\t<div class=\"elementor-image-carousel swiper-wrapper\" aria-live=\"off\">\n\t\t\t\t\t\t\t\t<div class=\"swiper-slide\" role=\"group\" aria-roledescription=\"slide\" aria-label=\"1 de 4\"><figure class=\"swiper-slide-inner\"><img decoding=\"async\" class=\"swiper-slide-image\" src=\"https:\/\/www.fotosenasturias.es\/wp-content\/uploads\/2025\/07\/elcomercio_bn-300x138.png\" alt=\"elcomercio_bn\" \/><\/figure><\/div><div class=\"swiper-slide\" role=\"group\" aria-roledescription=\"slide\" aria-label=\"2 de 4\"><figure class=\"swiper-slide-inner\"><img decoding=\"async\" class=\"swiper-slide-image\" src=\"https:\/\/www.fotosenasturias.es\/wp-content\/uploads\/2025\/07\/lne_bn-300x138.png\" alt=\"lne_bn\" \/><\/figure><\/div><div class=\"swiper-slide\" role=\"group\" aria-roledescription=\"slide\" aria-label=\"3 de 4\"><figure class=\"swiper-slide-inner\"><img decoding=\"async\" class=\"swiper-slide-image\" src=\"https:\/\/www.fotosenasturias.es\/wp-content\/uploads\/2025\/07\/TVG_BN-300x138.png\" alt=\"TVG_BN\" \/><\/figure><\/div><div class=\"swiper-slide\" role=\"group\" aria-roledescription=\"slide\" aria-label=\"4 de 4\"><figure class=\"swiper-slide-inner\"><img decoding=\"async\" class=\"swiper-slide-image\" src=\"https:\/\/www.fotosenasturias.es\/wp-content\/uploads\/2025\/07\/TVE_bN-300x138.png\" alt=\"TVE_bN\" \/><\/figure><\/div>\t\t\t<\/div>\n\t\t\t\t\t\t\t\n\t\t\t\t\t\t\t\t\t<div class=\"swiper-pagination\"><\/div>\n\t\t\t\t\t\t\t\t\t<\/div>\n\t\t\t\t\t\t<\/div>\n\t\t\t\t<\/div>\n\t\t\t\t<\/div>\n\t\t\t\t\t<\/div>\n\t\t\t\t<\/div>\n\t\t<div class=\"elementor-element elementor-element-a682972 e-flex e-con-boxed e-con e-parent\" data-id=\"a682972\" data-element_type=\"container\">\n\t\t\t\t\t<div class=\"e-con-inner\">\n\t\t\t\t<div class=\"elementor-element elementor-element-3ff9a28 gallery-spacing-custom elementor-widget elementor-widget-image-gallery\" data-id=\"3ff9a28\" data-element_type=\"widget\" data-widget_type=\"image-gallery.default\">\n\t\t\t\t<div class=\"elementor-widget-container\">\n\t\t\t\t\t\t\t<div class=\"elementor-image-gallery\">\n\t\t\t<div id='gallery-1' class='gallery galleryid-294 gallery-columns-3 gallery-size-large'><figure class='gallery-item'>\n\t\t\t<div class='gallery-icon landscape'>\n\t\t\t\t<img fetchpriority=\"high\" decoding=\"async\" width=\"960\" height=\"640\" src=\"https:\/\/www.fotosenasturias.es\/wp-content\/uploads\/2025\/10\/IMG_7803-Mejorado-NR-1024x683.jpg\" class=\"attachment-large size-large\" alt=\"\" srcset=\"https:\/\/www.fotosenasturias.es\/wp-content\/uploads\/2025\/10\/IMG_7803-Mejorado-NR-1024x683.jpg 1024w, https:\/\/www.fotosenasturias.es\/wp-content\/uploads\/2025\/10\/IMG_7803-Mejorado-NR-300x200.jpg 300w, https:\/\/www.fotosenasturias.es\/wp-content\/uploads\/2025\/10\/IMG_7803-Mejorado-NR-768x512.jpg 768w, https:\/\/www.fotosenasturias.es\/wp-content\/uploads\/2025\/10\/IMG_7803-Mejorado-NR-1536x1024.jpg 1536w, https:\/\/www.fotosenasturias.es\/wp-content\/uploads\/2025\/10\/IMG_7803-Mejorado-NR-2048x1365.jpg 2048w, https:\/\/www.fotosenasturias.es\/wp-content\/uploads\/2025\/10\/IMG_7803-Mejorado-NR-1140x760.jpg 1140w\" sizes=\"(max-width: 960px) 100vw, 960px\" \/>\n\t\t\t<\/div><\/figure><figure class='gallery-item'>\n\t\t\t<div class='gallery-icon landscape'>\n\t\t\t\t<img decoding=\"async\" width=\"960\" height=\"642\" src=\"https:\/\/www.fotosenasturias.es\/wp-content\/uploads\/2025\/10\/IMG_7378-1024x685.jpg\" class=\"attachment-large size-large\" alt=\"\" srcset=\"https:\/\/www.fotosenasturias.es\/wp-content\/uploads\/2025\/10\/IMG_7378-1024x685.jpg 1024w, https:\/\/www.fotosenasturias.es\/wp-content\/uploads\/2025\/10\/IMG_7378-300x201.jpg 300w, https:\/\/www.fotosenasturias.es\/wp-content\/uploads\/2025\/10\/IMG_7378-768x514.jpg 768w, https:\/\/www.fotosenasturias.es\/wp-content\/uploads\/2025\/10\/IMG_7378-1536x1028.jpg 1536w, https:\/\/www.fotosenasturias.es\/wp-content\/uploads\/2025\/10\/IMG_7378-2048x1371.jpg 2048w, https:\/\/www.fotosenasturias.es\/wp-content\/uploads\/2025\/10\/IMG_7378-1140x763.jpg 1140w\" sizes=\"(max-width: 960px) 100vw, 960px\" \/>\n\t\t\t<\/div><\/figure><figure class='gallery-item'>\n\t\t\t<div class='gallery-icon landscape'>\n\t\t\t\t<img decoding=\"async\" width=\"960\" height=\"640\" src=\"https:\/\/www.fotosenasturias.es\/wp-content\/uploads\/2025\/10\/IMG_6410-1024x683.jpg\" class=\"attachment-large size-large\" alt=\"\" srcset=\"https:\/\/www.fotosenasturias.es\/wp-content\/uploads\/2025\/10\/IMG_6410-1024x683.jpg 1024w, https:\/\/www.fotosenasturias.es\/wp-content\/uploads\/2025\/10\/IMG_6410-300x200.jpg 300w, https:\/\/www.fotosenasturias.es\/wp-content\/uploads\/2025\/10\/IMG_6410-768x512.jpg 768w, https:\/\/www.fotosenasturias.es\/wp-content\/uploads\/2025\/10\/IMG_6410-1536x1024.jpg 1536w, https:\/\/www.fotosenasturias.es\/wp-content\/uploads\/2025\/10\/IMG_6410-2048x1365.jpg 2048w, https:\/\/www.fotosenasturias.es\/wp-content\/uploads\/2025\/10\/IMG_6410-1140x760.jpg 1140w\" sizes=\"(max-width: 960px) 100vw, 960px\" \/>\n\t\t\t<\/div><\/figure><figure class='gallery-item'>\n\t\t\t<div class='gallery-icon landscape'>\n\t\t\t\t<img loading=\"lazy\" decoding=\"async\" width=\"960\" height=\"640\" src=\"https:\/\/www.fotosenasturias.es\/wp-content\/uploads\/2025\/10\/IMG_5136-1024x683.jpg\" class=\"attachment-large size-large\" alt=\"\" srcset=\"https:\/\/www.fotosenasturias.es\/wp-content\/uploads\/2025\/10\/IMG_5136-1024x683.jpg 1024w, https:\/\/www.fotosenasturias.es\/wp-content\/uploads\/2025\/10\/IMG_5136-300x200.jpg 300w, https:\/\/www.fotosenasturias.es\/wp-content\/uploads\/2025\/10\/IMG_5136-768x512.jpg 768w, https:\/\/www.fotosenasturias.es\/wp-content\/uploads\/2025\/10\/IMG_5136-1536x1024.jpg 1536w, https:\/\/www.fotosenasturias.es\/wp-content\/uploads\/2025\/10\/IMG_5136-2048x1365.jpg 2048w, https:\/\/www.fotosenasturias.es\/wp-content\/uploads\/2025\/10\/IMG_5136-1140x760.jpg 1140w\" sizes=\"(max-width: 960px) 100vw, 960px\" \/>\n\t\t\t<\/div><\/figure><figure class='gallery-item'>\n\t\t\t<div class='gallery-icon landscape'>\n\t\t\t\t<img loading=\"lazy\" decoding=\"async\" width=\"960\" height=\"640\" src=\"https:\/\/www.fotosenasturias.es\/wp-content\/uploads\/2025\/06\/476339240_503218482809948_2384567031779805021_n-1024x683.jpg\" class=\"attachment-large size-large\" alt=\"\" srcset=\"https:\/\/www.fotosenasturias.es\/wp-content\/uploads\/2025\/06\/476339240_503218482809948_2384567031779805021_n-1024x683.jpg 1024w, https:\/\/www.fotosenasturias.es\/wp-content\/uploads\/2025\/06\/476339240_503218482809948_2384567031779805021_n-300x200.jpg 300w, https:\/\/www.fotosenasturias.es\/wp-content\/uploads\/2025\/06\/476339240_503218482809948_2384567031779805021_n-768x512.jpg 768w, https:\/\/www.fotosenasturias.es\/wp-content\/uploads\/2025\/06\/476339240_503218482809948_2384567031779805021_n-1536x1024.jpg 1536w, https:\/\/www.fotosenasturias.es\/wp-content\/uploads\/2025\/06\/476339240_503218482809948_2384567031779805021_n-1140x760.jpg 1140w, https:\/\/www.fotosenasturias.es\/wp-content\/uploads\/2025\/06\/476339240_503218482809948_2384567031779805021_n.jpg 2048w\" sizes=\"(max-width: 960px) 100vw, 960px\" \/>\n\t\t\t<\/div><\/figure><figure class='gallery-item'>\n\t\t\t<div class='gallery-icon landscape'>\n\t\t\t\t<img loading=\"lazy\" decoding=\"async\" width=\"960\" height=\"640\" src=\"https:\/\/www.fotosenasturias.es\/wp-content\/uploads\/2025\/10\/7G6A7924-1024x683.jpg\" class=\"attachment-large size-large\" alt=\"\" srcset=\"https:\/\/www.fotosenasturias.es\/wp-content\/uploads\/2025\/10\/7G6A7924-1024x683.jpg 1024w, https:\/\/www.fotosenasturias.es\/wp-content\/uploads\/2025\/10\/7G6A7924-300x200.jpg 300w, https:\/\/www.fotosenasturias.es\/wp-content\/uploads\/2025\/10\/7G6A7924-768x512.jpg 768w, https:\/\/www.fotosenasturias.es\/wp-content\/uploads\/2025\/10\/7G6A7924-1536x1024.jpg 1536w, https:\/\/www.fotosenasturias.es\/wp-content\/uploads\/2025\/10\/7G6A7924-2048x1365.jpg 2048w, https:\/\/www.fotosenasturias.es\/wp-content\/uploads\/2025\/10\/7G6A7924-1140x760.jpg 1140w\" sizes=\"(max-width: 960px) 100vw, 960px\" \/>\n\t\t\t<\/div><\/figure><figure class='gallery-item'>\n\t\t\t<div class='gallery-icon landscape'>\n\t\t\t\t<img loading=\"lazy\" decoding=\"async\" width=\"960\" height=\"640\" src=\"https:\/\/www.fotosenasturias.es\/wp-content\/uploads\/2025\/10\/topaz_IMG_5932-1024x683.jpg\" class=\"attachment-large size-large\" alt=\"\" srcset=\"https:\/\/www.fotosenasturias.es\/wp-content\/uploads\/2025\/10\/topaz_IMG_5932-1024x683.jpg 1024w, https:\/\/www.fotosenasturias.es\/wp-content\/uploads\/2025\/10\/topaz_IMG_5932-300x200.jpg 300w, https:\/\/www.fotosenasturias.es\/wp-content\/uploads\/2025\/10\/topaz_IMG_5932-768x512.jpg 768w, https:\/\/www.fotosenasturias.es\/wp-content\/uploads\/2025\/10\/topaz_IMG_5932-1536x1024.jpg 1536w, https:\/\/www.fotosenasturias.es\/wp-content\/uploads\/2025\/10\/topaz_IMG_5932-2048x1365.jpg 2048w, https:\/\/www.fotosenasturias.es\/wp-content\/uploads\/2025\/10\/topaz_IMG_5932-1140x760.jpg 1140w\" sizes=\"(max-width: 960px) 100vw, 960px\" \/>\n\t\t\t<\/div><\/figure><figure class='gallery-item'>\n\t\t\t<div class='gallery-icon landscape'>\n\t\t\t\t<img loading=\"lazy\" decoding=\"async\" width=\"960\" height=\"640\" src=\"https:\/\/www.fotosenasturias.es\/wp-content\/uploads\/2025\/10\/7G6A9032-1024x683.jpg\" class=\"attachment-large size-large\" alt=\"\" srcset=\"https:\/\/www.fotosenasturias.es\/wp-content\/uploads\/2025\/10\/7G6A9032-1024x683.jpg 1024w, https:\/\/www.fotosenasturias.es\/wp-content\/uploads\/2025\/10\/7G6A9032-300x200.jpg 300w, https:\/\/www.fotosenasturias.es\/wp-content\/uploads\/2025\/10\/7G6A9032-768x512.jpg 768w, https:\/\/www.fotosenasturias.es\/wp-content\/uploads\/2025\/10\/7G6A9032-1536x1024.jpg 1536w, https:\/\/www.fotosenasturias.es\/wp-content\/uploads\/2025\/10\/7G6A9032-2048x1365.jpg 2048w, https:\/\/www.fotosenasturias.es\/wp-content\/uploads\/2025\/10\/7G6A9032-1140x760.jpg 1140w\" sizes=\"(max-width: 960px) 100vw, 960px\" \/>\n\t\t\t<\/div><\/figure><figure class='gallery-item'>\n\t\t\t<div class='gallery-icon landscape'>\n\t\t\t\t<img loading=\"lazy\" decoding=\"async\" width=\"960\" height=\"640\" src=\"https:\/\/www.fotosenasturias.es\/wp-content\/uploads\/2025\/06\/VMC45635-1024x683.jpg\" class=\"attachment-large size-large\" alt=\"\" srcset=\"https:\/\/www.fotosenasturias.es\/wp-content\/uploads\/2025\/06\/VMC45635-1024x683.jpg 1024w, https:\/\/www.fotosenasturias.es\/wp-content\/uploads\/2025\/06\/VMC45635-300x200.jpg 300w, https:\/\/www.fotosenasturias.es\/wp-content\/uploads\/2025\/06\/VMC45635-768x512.jpg 768w, https:\/\/www.fotosenasturias.es\/wp-content\/uploads\/2025\/06\/VMC45635-1536x1024.jpg 1536w, https:\/\/www.fotosenasturias.es\/wp-content\/uploads\/2025\/06\/VMC45635-2048x1366.jpg 2048w, https:\/\/www.fotosenasturias.es\/wp-content\/uploads\/2025\/06\/VMC45635-1140x760.jpg 1140w\" sizes=\"(max-width: 960px) 100vw, 960px\" \/>\n\t\t\t<\/div><\/figure>\n\t\t<\/div>\n\t\t<\/div>\n\t\t\t\t\t\t<\/div>\n\t\t\t\t<\/div>\n\t\t\t\t\t<\/div>\n\t\t\t\t<\/div>\n\t\t\t\t<\/div>\n\t\t","protected":false},"excerpt":{"rendered":"<p>FOTOPERIODISMO Como fot\u00f3grafo profesional, cuento con una amplia trayectoria documentando la actualidad para clientes cuyas im\u00e1genes han sido publicadas en medios de referencia como La Nueva Espa\u00f1a, El Comercio, Televisi\u00f3n de Galicia, TVE, TPA y MiOviedo, entre otros. Mi trabajo combina rigor informativo, sensibilidad visual y compromiso con la verdad, ofreciendo fotograf\u00eda period\u00edstica de alta calidad adaptada a prensa, televisi\u00f3n y medios digitales. Realizo reportajes fotogr\u00e1ficos de noticias, eventos institucionales, sucesos, actualidad social y deportiva, siempre con rapidez y profesionalidad. Si necesitas un fot\u00f3grafo de prensa en Asturias, Galicia o el norte de Espa\u00f1a, puedo ayudarte a cubrir cualquier acontecimiento con im\u00e1genes impactantes y veraces. Adem\u00e1s, formo parte de Alamy, una de las agencias de fotograf\u00eda m\u00e1s reconocidas a nivel internacional, con un extenso archivo editorial y creativo distribuido en medios de todo el mundo. Mi colaboraci\u00f3n con Alamy garantiza que mi trabajo cumpla con los m\u00e1s altos est\u00e1ndares de calidad, rigor y profesionalidad, y que pueda tener difusi\u00f3n global en prensa, publicaciones especializadas y plataformas digitales. Esta proyecci\u00f3n internacional refuerza mi compromiso con un fotoperiodismo de confianza, capaz de contar historias relevantes con im\u00e1genes que trascienden fronteras. medios de comunicaci\u00f3n que publican nuestras fotos<\/p>\n","protected":false},"author":1,"featured_media":0,"parent":0,"menu_order":0,"comment_status":"closed","ping_status":"closed","template":"elementor_header_footer","meta":{"footnotes":""},"class_list":["post-294","page","type-page","status-publish","hentry"],"yoast_head":"<!-- This site is optimized with the Yoast SEO plugin v26.2 - https:\/\/yoast.com\/wordpress\/plugins\/seo\/ -->\n<title>PRENSA - Javier F. Santiago | Fot\u00f3grafo<\/title>\n<meta name=\"robots\" content=\"index, follow, max-snippet:-1, max-image-preview:large, max-video-preview:-1\" \/>\n<link rel=\"canonical\" href=\"https:\/\/www.fotosenasturias.es\/index.php\/prensa\/\" \/>\n<meta property=\"og:locale\" content=\"es_ES\" \/>\n<meta property=\"og:type\" content=\"article\" \/>\n<meta property=\"og:title\" content=\"PRENSA - Javier F. Santiago | Fot\u00f3grafo\" \/>\n<meta property=\"og:description\" content=\"FOTOPERIODISMO Como fot\u00f3grafo profesional, cuento con una amplia trayectoria documentando la actualidad para clientes cuyas im\u00e1genes han sido publicadas en medios de referencia como La Nueva Espa\u00f1a, El Comercio, Televisi\u00f3n de Galicia, TVE, TPA y MiOviedo, entre otros. Mi trabajo combina rigor informativo, sensibilidad visual y compromiso con la verdad, ofreciendo fotograf\u00eda period\u00edstica de alta calidad adaptada a prensa, televisi\u00f3n y medios digitales. Realizo reportajes fotogr\u00e1ficos de noticias, eventos institucionales, sucesos, actualidad social y deportiva, siempre con rapidez y profesionalidad. Si necesitas un fot\u00f3grafo de prensa en Asturias, Galicia o el norte de Espa\u00f1a, puedo ayudarte a cubrir cualquier acontecimiento con im\u00e1genes impactantes y veraces. Adem\u00e1s, formo parte de Alamy, una de las agencias de fotograf\u00eda m\u00e1s reconocidas a nivel internacional, con un extenso archivo editorial y creativo distribuido en medios de todo el mundo. Mi colaboraci\u00f3n con Alamy garantiza que mi trabajo cumpla con los m\u00e1s altos est\u00e1ndares de calidad, rigor y profesionalidad, y que pueda tener difusi\u00f3n global en prensa, publicaciones especializadas y plataformas digitales. Esta proyecci\u00f3n internacional refuerza mi compromiso con un fotoperiodismo de confianza, capaz de contar historias relevantes con im\u00e1genes que trascienden fronteras. medios de comunicaci\u00f3n que publican nuestras fotos\" \/>\n<meta property=\"og:url\" content=\"https:\/\/www.fotosenasturias.es\/index.php\/prensa\/\" \/>\n<meta property=\"og:site_name\" content=\"Javier F. Santiago | Fot\u00f3grafo\" \/>\n<meta property=\"article:modified_time\" content=\"2025-10-04T11:08:47+00:00\" \/>\n<meta property=\"og:image\" content=\"https:\/\/www.fotosenasturias.es\/wp-content\/uploads\/2025\/07\/elcomercio_bn-300x138.png\" \/>\n<meta name=\"twitter:card\" content=\"summary_large_image\" \/>\n<meta name=\"twitter:label1\" content=\"Tiempo de lectura\" \/>\n\t<meta name=\"twitter:data1\" content=\"3 minutos\" \/>\n<script type=\"application\/ld+json\" class=\"yoast-schema-graph\">{\"@context\":\"https:\/\/schema.org\",\"@graph\":[{\"@type\":\"WebPage\",\"@id\":\"https:\/\/www.fotosenasturias.es\/index.php\/prensa\/\",\"url\":\"https:\/\/www.fotosenasturias.es\/index.php\/prensa\/\",\"name\":\"PRENSA - Javier F. Santiago | Fot\u00f3grafo\",\"isPartOf\":{\"@id\":\"https:\/\/www.fotosenasturias.es\/#website\"},\"primaryImageOfPage\":{\"@id\":\"https:\/\/www.fotosenasturias.es\/index.php\/prensa\/#primaryimage\"},\"image\":{\"@id\":\"https:\/\/www.fotosenasturias.es\/index.php\/prensa\/#primaryimage\"},\"thumbnailUrl\":\"https:\/\/www.fotosenasturias.es\/wp-content\/uploads\/2025\/07\/elcomercio_bn-300x138.png\",\"datePublished\":\"2025-07-04T10:22:26+00:00\",\"dateModified\":\"2025-10-04T11:08:47+00:00\",\"breadcrumb\":{\"@id\":\"https:\/\/www.fotosenasturias.es\/index.php\/prensa\/#breadcrumb\"},\"inLanguage\":\"es\",\"potentialAction\":[{\"@type\":\"ReadAction\",\"target\":[\"https:\/\/www.fotosenasturias.es\/index.php\/prensa\/\"]}]},{\"@type\":\"ImageObject\",\"inLanguage\":\"es\",\"@id\":\"https:\/\/www.fotosenasturias.es\/index.php\/prensa\/#primaryimage\",\"url\":\"https:\/\/www.fotosenasturias.es\/wp-content\/uploads\/2025\/07\/elcomercio_bn.png\",\"contentUrl\":\"https:\/\/www.fotosenasturias.es\/wp-content\/uploads\/2025\/07\/elcomercio_bn.png\",\"width\":600,\"height\":276},{\"@type\":\"BreadcrumbList\",\"@id\":\"https:\/\/www.fotosenasturias.es\/index.php\/prensa\/#breadcrumb\",\"itemListElement\":[{\"@type\":\"ListItem\",\"position\":1,\"name\":\"Portada\",\"item\":\"https:\/\/www.fotosenasturias.es\/\"},{\"@type\":\"ListItem\",\"position\":2,\"name\":\"PRENSA\"}]},{\"@type\":\"WebSite\",\"@id\":\"https:\/\/www.fotosenasturias.es\/#website\",\"url\":\"https:\/\/www.fotosenasturias.es\/\",\"name\":\"Javier F. Santiago | Fot\u00f3grafo\",\"description\":\"\",\"publisher\":{\"@id\":\"https:\/\/www.fotosenasturias.es\/#organization\"},\"potentialAction\":[{\"@type\":\"SearchAction\",\"target\":{\"@type\":\"EntryPoint\",\"urlTemplate\":\"https:\/\/www.fotosenasturias.es\/?s={search_term_string}\"},\"query-input\":{\"@type\":\"PropertyValueSpecification\",\"valueRequired\":true,\"valueName\":\"search_term_string\"}}],\"inLanguage\":\"es\"},{\"@type\":\"Organization\",\"@id\":\"https:\/\/www.fotosenasturias.es\/#organization\",\"name\":\"Javier F. Santiago | Fot\u00f3grafo\",\"url\":\"https:\/\/www.fotosenasturias.es\/\",\"logo\":{\"@type\":\"ImageObject\",\"inLanguage\":\"es\",\"@id\":\"https:\/\/www.fotosenasturias.es\/#\/schema\/logo\/image\/\",\"url\":\"https:\/\/www.fotosenasturias.es\/wp-content\/uploads\/2025\/06\/logo_web.png\",\"contentUrl\":\"https:\/\/www.fotosenasturias.es\/wp-content\/uploads\/2025\/06\/logo_web.png\",\"width\":2000,\"height\":330,\"caption\":\"Javier F. Santiago | Fot\u00f3grafo\"},\"image\":{\"@id\":\"https:\/\/www.fotosenasturias.es\/#\/schema\/logo\/image\/\"}}]}<\/script>\n<!-- \/ Yoast SEO plugin. -->","yoast_head_json":{"title":"PRENSA - Javier F. Santiago | Fot\u00f3grafo","robots":{"index":"index","follow":"follow","max-snippet":"max-snippet:-1","max-image-preview":"max-image-preview:large","max-video-preview":"max-video-preview:-1"},"canonical":"https:\/\/www.fotosenasturias.es\/index.php\/prensa\/","og_locale":"es_ES","og_type":"article","og_title":"PRENSA - Javier F. Santiago | Fot\u00f3grafo","og_description":"FOTOPERIODISMO Como fot\u00f3grafo profesional, cuento con una amplia trayectoria documentando la actualidad para clientes cuyas im\u00e1genes han sido publicadas en medios de referencia como La Nueva Espa\u00f1a, El Comercio, Televisi\u00f3n de Galicia, TVE, TPA y MiOviedo, entre otros. Mi trabajo combina rigor informativo, sensibilidad visual y compromiso con la verdad, ofreciendo fotograf\u00eda period\u00edstica de alta calidad adaptada a prensa, televisi\u00f3n y medios digitales. Realizo reportajes fotogr\u00e1ficos de noticias, eventos institucionales, sucesos, actualidad social y deportiva, siempre con rapidez y profesionalidad. Si necesitas un fot\u00f3grafo de prensa en Asturias, Galicia o el norte de Espa\u00f1a, puedo ayudarte a cubrir cualquier acontecimiento con im\u00e1genes impactantes y veraces. Adem\u00e1s, formo parte de Alamy, una de las agencias de fotograf\u00eda m\u00e1s reconocidas a nivel internacional, con un extenso archivo editorial y creativo distribuido en medios de todo el mundo. Mi colaboraci\u00f3n con Alamy garantiza que mi trabajo cumpla con los m\u00e1s altos est\u00e1ndares de calidad, rigor y profesionalidad, y que pueda tener difusi\u00f3n global en prensa, publicaciones especializadas y plataformas digitales. Esta proyecci\u00f3n internacional refuerza mi compromiso con un fotoperiodismo de confianza, capaz de contar historias relevantes con im\u00e1genes que trascienden fronteras. medios de comunicaci\u00f3n que publican nuestras fotos","og_url":"https:\/\/www.fotosenasturias.es\/index.php\/prensa\/","og_site_name":"Javier F. Santiago | Fot\u00f3grafo","article_modified_time":"2025-10-04T11:08:47+00:00","og_image":[{"url":"https:\/\/www.fotosenasturias.es\/wp-content\/uploads\/2025\/07\/elcomercio_bn-300x138.png","type":"","width":"","height":""}],"twitter_card":"summary_large_image","twitter_misc":{"Tiempo de lectura":"3 minutos"},"schema":{"@context":"https:\/\/schema.org","@graph":[{"@type":"WebPage","@id":"https:\/\/www.fotosenasturias.es\/index.php\/prensa\/","url":"https:\/\/www.fotosenasturias.es\/index.php\/prensa\/","name":"PRENSA - Javier F. Santiago | Fot\u00f3grafo","isPartOf":{"@id":"https:\/\/www.fotosenasturias.es\/#website"},"primaryImageOfPage":{"@id":"https:\/\/www.fotosenasturias.es\/index.php\/prensa\/#primaryimage"},"image":{"@id":"https:\/\/www.fotosenasturias.es\/index.php\/prensa\/#primaryimage"},"thumbnailUrl":"https:\/\/www.fotosenasturias.es\/wp-content\/uploads\/2025\/07\/elcomercio_bn-300x138.png","datePublished":"2025-07-04T10:22:26+00:00","dateModified":"2025-10-04T11:08:47+00:00","breadcrumb":{"@id":"https:\/\/www.fotosenasturias.es\/index.php\/prensa\/#breadcrumb"},"inLanguage":"es","potentialAction":[{"@type":"ReadAction","target":["https:\/\/www.fotosenasturias.es\/index.php\/prensa\/"]}]},{"@type":"ImageObject","inLanguage":"es","@id":"https:\/\/www.fotosenasturias.es\/index.php\/prensa\/#primaryimage","url":"https:\/\/www.fotosenasturias.es\/wp-content\/uploads\/2025\/07\/elcomercio_bn.png","contentUrl":"https:\/\/www.fotosenasturias.es\/wp-content\/uploads\/2025\/07\/elcomercio_bn.png","width":600,"height":276},{"@type":"BreadcrumbList","@id":"https:\/\/www.fotosenasturias.es\/index.php\/prensa\/#breadcrumb","itemListElement":[{"@type":"ListItem","position":1,"name":"Portada","item":"https:\/\/www.fotosenasturias.es\/"},{"@type":"ListItem","position":2,"name":"PRENSA"}]},{"@type":"WebSite","@id":"https:\/\/www.fotosenasturias.es\/#website","url":"https:\/\/www.fotosenasturias.es\/","name":"Javier F. Santiago | Fot\u00f3grafo","description":"","publisher":{"@id":"https:\/\/www.fotosenasturias.es\/#organization"},"potentialAction":[{"@type":"SearchAction","target":{"@type":"EntryPoint","urlTemplate":"https:\/\/www.fotosenasturias.es\/?s={search_term_string}"},"query-input":{"@type":"PropertyValueSpecification","valueRequired":true,"valueName":"search_term_string"}}],"inLanguage":"es"},{"@type":"Organization","@id":"https:\/\/www.fotosenasturias.es\/#organization","name":"Javier F. Santiago | Fot\u00f3grafo","url":"https:\/\/www.fotosenasturias.es\/","logo":{"@type":"ImageObject","inLanguage":"es","@id":"https:\/\/www.fotosenasturias.es\/#\/schema\/logo\/image\/","url":"https:\/\/www.fotosenasturias.es\/wp-content\/uploads\/2025\/06\/logo_web.png","contentUrl":"https:\/\/www.fotosenasturias.es\/wp-content\/uploads\/2025\/06\/logo_web.png","width":2000,"height":330,"caption":"Javier F. Santiago | Fot\u00f3grafo"},"image":{"@id":"https:\/\/www.fotosenasturias.es\/#\/schema\/logo\/image\/"}}]}},"_links":{"self":[{"href":"https:\/\/www.fotosenasturias.es\/index.php\/wp-json\/wp\/v2\/pages\/294","targetHints":{"allow":["GET"]}}],"collection":[{"href":"https:\/\/www.fotosenasturias.es\/index.php\/wp-json\/wp\/v2\/pages"}],"about":[{"href":"https:\/\/www.fotosenasturias.es\/index.php\/wp-json\/wp\/v2\/types\/page"}],"author":[{"embeddable":true,"href":"https:\/\/www.fotosenasturias.es\/index.php\/wp-json\/wp\/v2\/users\/1"}],"replies":[{"embeddable":true,"href":"https:\/\/www.fotosenasturias.es\/index.php\/wp-json\/wp\/v2\/comments?post=294"}],"version-history":[{"count":22,"href":"https:\/\/www.fotosenasturias.es\/index.php\/wp-json\/wp\/v2\/pages\/294\/revisions"}],"predecessor-version":[{"id":349,"href":"https:\/\/www.fotosenasturias.es\/index.php\/wp-json\/wp\/v2\/pages\/294\/revisions\/349"}],"wp:attachment":[{"href":"https:\/\/www.fotosenasturias.es\/index.php\/wp-json\/wp\/v2\/media?parent=294"}],"curies":[{"name":"wp","href":"https:\/\/api.w.org\/{rel}","templated":true}]}}