{"id":10,"date":"2025-06-02T13:23:11","date_gmt":"2025-06-02T11:23:11","guid":{"rendered":"http:\/\/fotosenasturias.es\/?page_id=10"},"modified":"2025-07-11T08:44:13","modified_gmt":"2025-07-11T06:44:13","slug":"inicio","status":"publish","type":"page","link":"https:\/\/www.fotosenasturias.es\/","title":{"rendered":"Inicio"},"content":{"rendered":"\t\t<div data-elementor-type=\"wp-page\" data-elementor-id=\"10\" class=\"elementor elementor-10\" data-elementor-post-type=\"page\">\n\t\t\t\t<div class=\"elementor-element elementor-element-9d31d00 e-flex e-con-boxed e-con e-parent\" data-id=\"9d31d00\" data-element_type=\"container\" data-settings=\"{&quot;background_background&quot;:&quot;slideshow&quot;,&quot;background_slideshow_gallery&quot;:[{&quot;id&quot;:70,&quot;url&quot;:&quot;http:\\\/\\\/fotosenasturias.es\\\/wp-content\\\/uploads\\\/2025\\\/06\\\/IMG_4914-Mejorado-NR-scaled.jpg&quot;}],&quot;background_slideshow_loop&quot;:&quot;yes&quot;,&quot;background_slideshow_slide_duration&quot;:5000,&quot;background_slideshow_slide_transition&quot;:&quot;fade&quot;,&quot;background_slideshow_transition_duration&quot;:500}\">\n\t\t\t\t\t<div class=\"e-con-inner\">\n\t\t<div class=\"elementor-element elementor-element-12ca7be e-con-full e-flex e-con e-child\" data-id=\"12ca7be\" data-element_type=\"container\">\n\t\t\t\t<div class=\"elementor-element elementor-element-141bf60 elementor-invisible elementor-widget elementor-widget-heading\" data-id=\"141bf60\" data-element_type=\"widget\" data-settings=\"{&quot;_animation&quot;:&quot;fadeInLeft&quot;}\" data-widget_type=\"heading.default\">\n\t\t\t\t<div class=\"elementor-widget-container\">\n\t\t\t\t\t<h1 class=\"elementor-heading-title elementor-size-default\">JAVIER FERN\u00c1NDEZ SANTIAGO<\/h1>\t\t\t\t<\/div>\n\t\t\t\t<\/div>\n\t\t\t\t<div class=\"elementor-element elementor-element-bb53a29 elementor-invisible elementor-widget elementor-widget-heading\" data-id=\"bb53a29\" data-element_type=\"widget\" data-settings=\"{&quot;_animation&quot;:&quot;fadeInRight&quot;}\" data-widget_type=\"heading.default\">\n\t\t\t\t<div class=\"elementor-widget-container\">\n\t\t\t\t\t<h2 class=\"elementor-heading-title elementor-size-default\">Fotograf\u00eda de eventos, retratos, deportes...<\/h2>\t\t\t\t<\/div>\n\t\t\t\t<\/div>\n\t\t\t\t<\/div>\n\t\t\t\t\t<\/div>\n\t\t\t\t<\/div>\n\t\t<div class=\"elementor-element elementor-element-4b948b3 e-flex e-con-boxed e-con e-parent\" data-id=\"4b948b3\" data-element_type=\"container\">\n\t\t\t\t\t<div class=\"e-con-inner\">\n\t\t\t\t<div class=\"elementor-element elementor-element-216e58a elementor-widget elementor-widget-heading\" data-id=\"216e58a\" data-element_type=\"widget\" data-widget_type=\"heading.default\">\n\t\t\t\t<div class=\"elementor-widget-container\">\n\t\t\t\t\t<h6 class=\"elementor-heading-title elementor-size-default\">Instantes \u00b7 Emociones \u00b7 Vivencias \u00b7 Historias \u00b7 Momentos <\/h6>\t\t\t\t<\/div>\n\t\t\t\t<\/div>\n\t\t\t\t<div class=\"elementor-element elementor-element-80374c9 elementor-widget elementor-widget-text-editor\" data-id=\"80374c9\" data-element_type=\"widget\" data-widget_type=\"text-editor.default\">\n\t\t\t\t<div class=\"elementor-widget-container\">\n\t\t\t\t\t\t\t\t\t<p style=\"text-align: center;\" data-start=\"174\" data-end=\"695\"><strong data-start=\"174\" data-end=\"201\">Foto Javier F. Santiago<\/strong> es un fot\u00f3grafo profesional en Oviedo, especializado en bodas, eventos sociales y deportes.<\/p><p style=\"text-align: center;\" data-start=\"174\" data-end=\"695\">Realizo reportajes en toda Asturias y en cualquier lugar de Espa\u00f1a, con un estilo natural, cercano y lleno de emoci\u00f3n.<\/p><p style=\"text-align: center;\" data-start=\"174\" data-end=\"695\">Mi objetivo es capturar momentos \u00fanicos y crear im\u00e1genes aut\u00e9nticas que se conviertan en recuerdos para toda la vida.<\/p><p style=\"text-align: center;\" data-start=\"174\" data-end=\"695\">Si buscas un fot\u00f3grafo en Oviedo, Asturias o cualquier parte del territorio nacional, estar\u00e9 encantado de acompa\u00f1arte y contar tu historia a trav\u00e9s de mi c\u00e1mara.<\/p>\t\t\t\t\t\t\t\t<\/div>\n\t\t\t\t<\/div>\n\t\t\t\t\t<\/div>\n\t\t\t\t<\/div>\n\t\t<div class=\"elementor-element elementor-element-ce458c4 e-flex e-con-boxed e-con e-parent\" data-id=\"ce458c4\" data-element_type=\"container\" data-settings=\"{&quot;background_background&quot;:&quot;classic&quot;}\">\n\t\t\t\t\t<div class=\"e-con-inner\">\n\t\t<div class=\"elementor-element elementor-element-0515200 e-con-full e-flex e-con e-child\" data-id=\"0515200\" data-element_type=\"container\">\n\t\t\t\t<div class=\"elementor-element elementor-element-230171b elementor-widget elementor-widget-heading\" data-id=\"230171b\" data-element_type=\"widget\" data-widget_type=\"heading.default\">\n\t\t\t\t<div class=\"elementor-widget-container\">\n\t\t\t\t\t<h6 class=\"elementor-heading-title elementor-size-default\">algunos de nuestros trabajos<\/h6>\t\t\t\t<\/div>\n\t\t\t\t<\/div>\n\t\t\t\t<div class=\"elementor-element elementor-element-b46c91c gallery-spacing-custom elementor-widget elementor-widget-image-gallery\" data-id=\"b46c91c\" data-element_type=\"widget\" data-widget_type=\"image-gallery.default\">\n\t\t\t\t<div class=\"elementor-widget-container\">\n\t\t\t\t\t\t\t<div class=\"elementor-image-gallery\">\n\t\t\t<div id='gallery-1' class='gallery galleryid-10 gallery-columns-3 gallery-size-large'><figure class='gallery-item'>\n\t\t\t<div class='gallery-icon landscape'>\n\t\t\t\t<img fetchpriority=\"high\" decoding=\"async\" width=\"960\" height=\"640\" src=\"https:\/\/www.fotosenasturias.es\/wp-content\/uploads\/2025\/06\/7G6A1384-1024x683.jpg\" class=\"attachment-large size-large\" alt=\"\" srcset=\"https:\/\/www.fotosenasturias.es\/wp-content\/uploads\/2025\/06\/7G6A1384-1024x683.jpg 1024w, https:\/\/www.fotosenasturias.es\/wp-content\/uploads\/2025\/06\/7G6A1384-300x200.jpg 300w, https:\/\/www.fotosenasturias.es\/wp-content\/uploads\/2025\/06\/7G6A1384-768x512.jpg 768w, https:\/\/www.fotosenasturias.es\/wp-content\/uploads\/2025\/06\/7G6A1384-1536x1024.jpg 1536w, https:\/\/www.fotosenasturias.es\/wp-content\/uploads\/2025\/06\/7G6A1384-2048x1366.jpg 2048w, https:\/\/www.fotosenasturias.es\/wp-content\/uploads\/2025\/06\/7G6A1384-1140x760.jpg 1140w\" sizes=\"(max-width: 960px) 100vw, 960px\" \/>\n\t\t\t<\/div><\/figure><figure class='gallery-item'>\n\t\t\t<div class='gallery-icon landscape'>\n\t\t\t\t<img decoding=\"async\" width=\"960\" height=\"640\" src=\"https:\/\/www.fotosenasturias.es\/wp-content\/uploads\/2025\/06\/IMG_9508-Mejorado-NR-1024x683.jpg\" class=\"attachment-large size-large\" alt=\"\" srcset=\"https:\/\/www.fotosenasturias.es\/wp-content\/uploads\/2025\/06\/IMG_9508-Mejorado-NR-1024x683.jpg 1024w, https:\/\/www.fotosenasturias.es\/wp-content\/uploads\/2025\/06\/IMG_9508-Mejorado-NR-300x200.jpg 300w, https:\/\/www.fotosenasturias.es\/wp-content\/uploads\/2025\/06\/IMG_9508-Mejorado-NR-768x512.jpg 768w, https:\/\/www.fotosenasturias.es\/wp-content\/uploads\/2025\/06\/IMG_9508-Mejorado-NR-1536x1024.jpg 1536w, https:\/\/www.fotosenasturias.es\/wp-content\/uploads\/2025\/06\/IMG_9508-Mejorado-NR-2048x1366.jpg 2048w, https:\/\/www.fotosenasturias.es\/wp-content\/uploads\/2025\/06\/IMG_9508-Mejorado-NR-1140x760.jpg 1140w\" sizes=\"(max-width: 960px) 100vw, 960px\" \/>\n\t\t\t<\/div><\/figure><figure class='gallery-item'>\n\t\t\t<div class='gallery-icon landscape'>\n\t\t\t\t<img decoding=\"async\" width=\"960\" height=\"640\" src=\"https:\/\/www.fotosenasturias.es\/wp-content\/uploads\/2025\/06\/VMC44743-1024x683.jpg\" class=\"attachment-large size-large\" alt=\"\" srcset=\"https:\/\/www.fotosenasturias.es\/wp-content\/uploads\/2025\/06\/VMC44743-1024x683.jpg 1024w, https:\/\/www.fotosenasturias.es\/wp-content\/uploads\/2025\/06\/VMC44743-300x200.jpg 300w, https:\/\/www.fotosenasturias.es\/wp-content\/uploads\/2025\/06\/VMC44743-768x512.jpg 768w, https:\/\/www.fotosenasturias.es\/wp-content\/uploads\/2025\/06\/VMC44743-1536x1024.jpg 1536w, https:\/\/www.fotosenasturias.es\/wp-content\/uploads\/2025\/06\/VMC44743-2048x1365.jpg 2048w, https:\/\/www.fotosenasturias.es\/wp-content\/uploads\/2025\/06\/VMC44743-1140x760.jpg 1140w\" sizes=\"(max-width: 960px) 100vw, 960px\" \/>\n\t\t\t<\/div><\/figure><figure class='gallery-item'>\n\t\t\t<div class='gallery-icon landscape'>\n\t\t\t\t<img loading=\"lazy\" decoding=\"async\" width=\"960\" height=\"640\" src=\"https:\/\/www.fotosenasturias.es\/wp-content\/uploads\/2025\/06\/480965552_514254415039688_5737229536672336549_n-1024x683.jpg\" class=\"attachment-large size-large\" alt=\"\" srcset=\"https:\/\/www.fotosenasturias.es\/wp-content\/uploads\/2025\/06\/480965552_514254415039688_5737229536672336549_n-1024x683.jpg 1024w, https:\/\/www.fotosenasturias.es\/wp-content\/uploads\/2025\/06\/480965552_514254415039688_5737229536672336549_n-300x200.jpg 300w, https:\/\/www.fotosenasturias.es\/wp-content\/uploads\/2025\/06\/480965552_514254415039688_5737229536672336549_n-768x512.jpg 768w, https:\/\/www.fotosenasturias.es\/wp-content\/uploads\/2025\/06\/480965552_514254415039688_5737229536672336549_n-1140x760.jpg 1140w, https:\/\/www.fotosenasturias.es\/wp-content\/uploads\/2025\/06\/480965552_514254415039688_5737229536672336549_n.jpg 1200w\" sizes=\"(max-width: 960px) 100vw, 960px\" \/>\n\t\t\t<\/div><\/figure><figure class='gallery-item'>\n\t\t\t<div class='gallery-icon landscape'>\n\t\t\t\t<img loading=\"lazy\" decoding=\"async\" width=\"960\" height=\"640\" src=\"https:\/\/www.fotosenasturias.es\/wp-content\/uploads\/2025\/06\/IMG_4914-Mejorado-NR-1024x683.jpg\" class=\"attachment-large size-large\" alt=\"\" srcset=\"https:\/\/www.fotosenasturias.es\/wp-content\/uploads\/2025\/06\/IMG_4914-Mejorado-NR-1024x683.jpg 1024w, https:\/\/www.fotosenasturias.es\/wp-content\/uploads\/2025\/06\/IMG_4914-Mejorado-NR-300x200.jpg 300w, https:\/\/www.fotosenasturias.es\/wp-content\/uploads\/2025\/06\/IMG_4914-Mejorado-NR-768x512.jpg 768w, https:\/\/www.fotosenasturias.es\/wp-content\/uploads\/2025\/06\/IMG_4914-Mejorado-NR-1536x1024.jpg 1536w, https:\/\/www.fotosenasturias.es\/wp-content\/uploads\/2025\/06\/IMG_4914-Mejorado-NR-2048x1365.jpg 2048w, https:\/\/www.fotosenasturias.es\/wp-content\/uploads\/2025\/06\/IMG_4914-Mejorado-NR-1140x760.jpg 1140w\" sizes=\"(max-width: 960px) 100vw, 960px\" \/>\n\t\t\t<\/div><\/figure><figure class='gallery-item'>\n\t\t\t<div class='gallery-icon landscape'>\n\t\t\t\t<img loading=\"lazy\" decoding=\"async\" width=\"960\" height=\"640\" src=\"https:\/\/www.fotosenasturias.es\/wp-content\/uploads\/2025\/06\/476339240_503218482809948_2384567031779805021_n-1024x683.jpg\" class=\"attachment-large size-large\" alt=\"\" srcset=\"https:\/\/www.fotosenasturias.es\/wp-content\/uploads\/2025\/06\/476339240_503218482809948_2384567031779805021_n-1024x683.jpg 1024w, https:\/\/www.fotosenasturias.es\/wp-content\/uploads\/2025\/06\/476339240_503218482809948_2384567031779805021_n-300x200.jpg 300w, https:\/\/www.fotosenasturias.es\/wp-content\/uploads\/2025\/06\/476339240_503218482809948_2384567031779805021_n-768x512.jpg 768w, https:\/\/www.fotosenasturias.es\/wp-content\/uploads\/2025\/06\/476339240_503218482809948_2384567031779805021_n-1536x1024.jpg 1536w, https:\/\/www.fotosenasturias.es\/wp-content\/uploads\/2025\/06\/476339240_503218482809948_2384567031779805021_n-1140x760.jpg 1140w, https:\/\/www.fotosenasturias.es\/wp-content\/uploads\/2025\/06\/476339240_503218482809948_2384567031779805021_n.jpg 2048w\" sizes=\"(max-width: 960px) 100vw, 960px\" \/>\n\t\t\t<\/div><\/figure><figure class='gallery-item'>\n\t\t\t<div class='gallery-icon landscape'>\n\t\t\t\t<img loading=\"lazy\" decoding=\"async\" width=\"960\" height=\"640\" src=\"https:\/\/www.fotosenasturias.es\/wp-content\/uploads\/2025\/06\/VMC45635-1024x683.jpg\" class=\"attachment-large size-large\" alt=\"\" srcset=\"https:\/\/www.fotosenasturias.es\/wp-content\/uploads\/2025\/06\/VMC45635-1024x683.jpg 1024w, https:\/\/www.fotosenasturias.es\/wp-content\/uploads\/2025\/06\/VMC45635-300x200.jpg 300w, https:\/\/www.fotosenasturias.es\/wp-content\/uploads\/2025\/06\/VMC45635-768x512.jpg 768w, https:\/\/www.fotosenasturias.es\/wp-content\/uploads\/2025\/06\/VMC45635-1536x1024.jpg 1536w, https:\/\/www.fotosenasturias.es\/wp-content\/uploads\/2025\/06\/VMC45635-2048x1366.jpg 2048w, https:\/\/www.fotosenasturias.es\/wp-content\/uploads\/2025\/06\/VMC45635-1140x760.jpg 1140w\" sizes=\"(max-width: 960px) 100vw, 960px\" \/>\n\t\t\t<\/div><\/figure><figure class='gallery-item'>\n\t\t\t<div class='gallery-icon landscape'>\n\t\t\t\t<img loading=\"lazy\" decoding=\"async\" width=\"960\" height=\"639\" src=\"https:\/\/www.fotosenasturias.es\/wp-content\/uploads\/2025\/06\/IMG_6379_web-1-1024x682.jpg\" class=\"attachment-large size-large\" alt=\"\" srcset=\"https:\/\/www.fotosenasturias.es\/wp-content\/uploads\/2025\/06\/IMG_6379_web-1-1024x682.jpg 1024w, https:\/\/www.fotosenasturias.es\/wp-content\/uploads\/2025\/06\/IMG_6379_web-1-300x200.jpg 300w, https:\/\/www.fotosenasturias.es\/wp-content\/uploads\/2025\/06\/IMG_6379_web-1-768x512.jpg 768w, https:\/\/www.fotosenasturias.es\/wp-content\/uploads\/2025\/06\/IMG_6379_web-1-1536x1024.jpg 1536w, https:\/\/www.fotosenasturias.es\/wp-content\/uploads\/2025\/06\/IMG_6379_web-1-1140x760.jpg 1140w, https:\/\/www.fotosenasturias.es\/wp-content\/uploads\/2025\/06\/IMG_6379_web-1.jpg 2000w\" sizes=\"(max-width: 960px) 100vw, 960px\" \/>\n\t\t\t<\/div><\/figure><figure class='gallery-item'>\n\t\t\t<div class='gallery-icon landscape'>\n\t\t\t\t<img loading=\"lazy\" decoding=\"async\" width=\"960\" height=\"640\" src=\"https:\/\/www.fotosenasturias.es\/wp-content\/uploads\/2025\/06\/IMG_5527-Mejorado-NR-1024x683.jpg\" class=\"attachment-large size-large\" alt=\"\" srcset=\"https:\/\/www.fotosenasturias.es\/wp-content\/uploads\/2025\/06\/IMG_5527-Mejorado-NR-1024x683.jpg 1024w, https:\/\/www.fotosenasturias.es\/wp-content\/uploads\/2025\/06\/IMG_5527-Mejorado-NR-300x200.jpg 300w, https:\/\/www.fotosenasturias.es\/wp-content\/uploads\/2025\/06\/IMG_5527-Mejorado-NR-768x512.jpg 768w, https:\/\/www.fotosenasturias.es\/wp-content\/uploads\/2025\/06\/IMG_5527-Mejorado-NR-1536x1024.jpg 1536w, https:\/\/www.fotosenasturias.es\/wp-content\/uploads\/2025\/06\/IMG_5527-Mejorado-NR-2048x1365.jpg 2048w, https:\/\/www.fotosenasturias.es\/wp-content\/uploads\/2025\/06\/IMG_5527-Mejorado-NR-1140x760.jpg 1140w\" sizes=\"(max-width: 960px) 100vw, 960px\" \/>\n\t\t\t<\/div><\/figure>\n\t\t<\/div>\n\t\t<\/div>\n\t\t\t\t\t\t<\/div>\n\t\t\t\t<\/div>\n\t\t\t\t<\/div>\n\t\t\t\t\t<\/div>\n\t\t\t\t<\/div>\n\t\t<div class=\"elementor-element elementor-element-6748fb7 e-flex e-con-boxed e-con e-parent\" data-id=\"6748fb7\" data-element_type=\"container\">\n\t\t\t\t\t<div class=\"e-con-inner\">\n\t\t\t\t<div class=\"elementor-element elementor-element-0e8864a elementor-widget elementor-widget-heading\" data-id=\"0e8864a\" data-element_type=\"widget\" data-widget_type=\"heading.default\">\n\t\t\t\t<div class=\"elementor-widget-container\">\n\t\t\t\t\t<h6 class=\"elementor-heading-title elementor-size-default\">fot\u00f3grafo en asturias<\/h6>\t\t\t\t<\/div>\n\t\t\t\t<\/div>\n\t\t\t\t<div class=\"elementor-element elementor-element-f63756b elementor-widget elementor-widget-text-editor\" data-id=\"f63756b\" data-element_type=\"widget\" data-widget_type=\"text-editor.default\">\n\t\t\t\t<div class=\"elementor-widget-container\">\n\t\t\t\t\t\t\t\t\t<p style=\"text-align: center;\" data-start=\"202\" data-end=\"533\">Soy Javier F. Santiago, fot\u00f3grafo profesional con sede en Oviedo. Desde hace a\u00f1os, me dedico a capturar momentos \u00fanicos con un enfoque natural, cercano y lleno de emoci\u00f3n.<\/p><p style=\"text-align: center;\" data-start=\"202\" data-end=\"533\">Mi pasi\u00f3n es contar historias a trav\u00e9s de la fotograf\u00eda: desde bodas y retratos hasta sesiones familiares, siempre buscando la autenticidad de cada instante.<\/p><p style=\"text-align: center;\" data-start=\"535\" data-end=\"647\">Mi compromiso es que cada imagen refleje vuestra esencia y se convierta en un recuerdo que perdure en el tiempo.<\/p>\t\t\t\t\t\t\t\t<\/div>\n\t\t\t\t<\/div>\n\t\t\t\t\t<\/div>\n\t\t\t\t<\/div>\n\t\t<div class=\"elementor-element elementor-element-5ffa4a0 e-flex e-con-boxed e-con e-parent\" data-id=\"5ffa4a0\" data-element_type=\"container\" data-settings=\"{&quot;background_background&quot;:&quot;classic&quot;}\">\n\t\t\t\t\t<div class=\"e-con-inner\">\n\t\t\t\t<div class=\"elementor-element elementor-element-d035da9 elementor-widget elementor-widget-heading\" data-id=\"d035da9\" data-element_type=\"widget\" data-widget_type=\"heading.default\">\n\t\t\t\t<div class=\"elementor-widget-container\">\n\t\t\t\t\t<h6 class=\"elementor-heading-title elementor-size-default\">algunos de nuestros clientes<\/h6>\t\t\t\t<\/div>\n\t\t\t\t<\/div>\n\t\t<div class=\"elementor-element elementor-element-7c396d5 e-con-full e-flex e-con e-child\" data-id=\"7c396d5\" data-element_type=\"container\">\n\t\t\t\t<div class=\"elementor-element elementor-element-6590973 elementor-arrows-position-inside elementor-pagination-position-outside elementor-widget elementor-widget-image-carousel\" data-id=\"6590973\" data-element_type=\"widget\" data-settings=\"{&quot;slides_to_show&quot;:&quot;3&quot;,&quot;navigation&quot;:&quot;both&quot;,&quot;autoplay&quot;:&quot;yes&quot;,&quot;pause_on_hover&quot;:&quot;yes&quot;,&quot;pause_on_interaction&quot;:&quot;yes&quot;,&quot;autoplay_speed&quot;:5000,&quot;infinite&quot;:&quot;yes&quot;,&quot;speed&quot;:500}\" data-widget_type=\"image-carousel.default\">\n\t\t\t\t<div class=\"elementor-widget-container\">\n\t\t\t\t\t\t\t<div class=\"elementor-image-carousel-wrapper swiper\" role=\"region\" aria-roledescription=\"carousel\" aria-label=\"Carrusel de im\u00e1genes\" dir=\"ltr\">\n\t\t\t<div class=\"elementor-image-carousel swiper-wrapper\" aria-live=\"off\">\n\t\t\t\t\t\t\t\t<div class=\"swiper-slide\" role=\"group\" aria-roledescription=\"slide\" aria-label=\"1 de 4\"><figure class=\"swiper-slide-inner\"><img decoding=\"async\" class=\"swiper-slide-image\" src=\"https:\/\/www.fotosenasturias.es\/wp-content\/uploads\/2025\/07\/ica_oviedo-300x138.png\" alt=\"ica_oviedo\" \/><\/figure><\/div><div class=\"swiper-slide\" role=\"group\" aria-roledescription=\"slide\" aria-label=\"2 de 4\"><figure class=\"swiper-slide-inner\"><img decoding=\"async\" class=\"swiper-slide-image\" src=\"https:\/\/www.fotosenasturias.es\/wp-content\/uploads\/2025\/07\/aparejadores-300x138.png\" alt=\"aparejadores\" \/><\/figure><\/div><div class=\"swiper-slide\" role=\"group\" aria-roledescription=\"slide\" aria-label=\"3 de 4\"><figure class=\"swiper-slide-inner\"><img decoding=\"async\" class=\"swiper-slide-image\" src=\"https:\/\/www.fotosenasturias.es\/wp-content\/uploads\/2025\/07\/cao-300x138.png\" alt=\"cao\" \/><\/figure><\/div><div class=\"swiper-slide\" role=\"group\" aria-roledescription=\"slide\" aria-label=\"4 de 4\"><figure class=\"swiper-slide-inner\"><img decoding=\"async\" class=\"swiper-slide-image\" src=\"https:\/\/www.fotosenasturias.es\/wp-content\/uploads\/2025\/07\/lupa-300x138.png\" alt=\"lupa\" \/><\/figure><\/div>\t\t\t<\/div>\n\t\t\t\t\t\t\t\t\t\t\t\t<div class=\"elementor-swiper-button elementor-swiper-button-prev\" role=\"button\" tabindex=\"0\">\n\t\t\t\t\t\t<svg aria-hidden=\"true\" class=\"e-font-icon-svg e-eicon-chevron-left\" viewBox=\"0 0 1000 1000\" xmlns=\"http:\/\/www.w3.org\/2000\/svg\"><path d=\"M646 125C629 125 613 133 604 142L308 442C296 454 292 471 292 487 292 504 296 521 308 533L604 854C617 867 629 875 646 875 663 875 679 871 692 858 704 846 713 829 713 812 713 796 708 779 692 767L438 487 692 225C700 217 708 204 708 187 708 171 704 154 692 142 675 129 663 125 646 125Z\"><\/path><\/svg>\t\t\t\t\t<\/div>\n\t\t\t\t\t<div class=\"elementor-swiper-button elementor-swiper-button-next\" role=\"button\" tabindex=\"0\">\n\t\t\t\t\t\t<svg aria-hidden=\"true\" class=\"e-font-icon-svg e-eicon-chevron-right\" viewBox=\"0 0 1000 1000\" xmlns=\"http:\/\/www.w3.org\/2000\/svg\"><path d=\"M696 533C708 521 713 504 713 487 713 471 708 454 696 446L400 146C388 133 375 125 354 125 338 125 325 129 313 142 300 154 292 171 292 187 292 204 296 221 308 233L563 492 304 771C292 783 288 800 288 817 288 833 296 850 308 863 321 871 338 875 354 875 371 875 388 867 400 854L696 533Z\"><\/path><\/svg>\t\t\t\t\t<\/div>\n\t\t\t\t\n\t\t\t\t\t\t\t\t\t<div class=\"swiper-pagination\"><\/div>\n\t\t\t\t\t\t\t\t\t<\/div>\n\t\t\t\t\t\t<\/div>\n\t\t\t\t<\/div>\n\t\t\t\t<\/div>\n\t\t\t\t\t<\/div>\n\t\t\t\t<\/div>\n\t\t\t\t<\/div>\n\t\t","protected":false},"excerpt":{"rendered":"<p>JAVIER FERN\u00c1NDEZ SANTIAGO Fotograf\u00eda de eventos, retratos, deportes&#8230; Instantes \u00b7 Emociones \u00b7 Vivencias \u00b7 Historias \u00b7 Momentos Foto Javier F. Santiago es un fot\u00f3grafo profesional en Oviedo, especializado en bodas, eventos sociales y deportes. Realizo reportajes en toda Asturias y en cualquier lugar de Espa\u00f1a, con un estilo natural, cercano y lleno de emoci\u00f3n. Mi objetivo es capturar momentos \u00fanicos y crear im\u00e1genes aut\u00e9nticas que se conviertan en recuerdos para toda la vida. Si buscas un fot\u00f3grafo en Oviedo, Asturias o cualquier parte del territorio nacional, estar\u00e9 encantado de acompa\u00f1arte y contar tu historia a trav\u00e9s de mi c\u00e1mara. algunos de nuestros trabajos fot\u00f3grafo en asturias Soy Javier F. Santiago, fot\u00f3grafo profesional con sede en Oviedo. Desde hace a\u00f1os, me dedico a capturar momentos \u00fanicos con un enfoque natural, cercano y lleno de emoci\u00f3n. Mi pasi\u00f3n es contar historias a trav\u00e9s de la fotograf\u00eda: desde bodas y retratos hasta sesiones familiares, siempre buscando la autenticidad de cada instante. Mi compromiso es que cada imagen refleje vuestra esencia y se convierta en un recuerdo que perdure en el tiempo. algunos de nuestros clientes<\/p>\n","protected":false},"author":1,"featured_media":0,"parent":0,"menu_order":0,"comment_status":"closed","ping_status":"closed","template":"elementor_header_footer","meta":{"footnotes":""},"class_list":["post-10","page","type-page","status-publish","hentry"],"yoast_head":"<!-- This site is optimized with the Yoast SEO plugin v26.2 - https:\/\/yoast.com\/wordpress\/plugins\/seo\/ -->\n<title>Javier F. Santiago | Fot\u00f3grafo - Asturias - Bodas, eventos y deporte<\/title>\n<meta name=\"description\" content=\"Servicios de fotograf\u00eda en Asturias: bodas, familia, eventos y deportes. Calidad, cercan\u00eda y pasi\u00f3n por la imagen\" \/>\n<meta name=\"robots\" content=\"index, follow, max-snippet:-1, max-image-preview:large, max-video-preview:-1\" \/>\n<link rel=\"canonical\" href=\"https:\/\/www.fotosenasturias.es\/\" \/>\n<meta property=\"og:locale\" content=\"es_ES\" \/>\n<meta property=\"og:type\" content=\"article\" \/>\n<meta property=\"og:title\" content=\"Javier F. Santiago | Fot\u00f3grafo - Asturias - Bodas, eventos y deporte\" \/>\n<meta property=\"og:description\" content=\"Servicios de fotograf\u00eda en Asturias: bodas, familia, eventos y deportes. Calidad, cercan\u00eda y pasi\u00f3n por la imagen\" \/>\n<meta property=\"og:url\" content=\"https:\/\/www.fotosenasturias.es\/\" \/>\n<meta property=\"og:site_name\" content=\"Javier F. Santiago | Fot\u00f3grafo\" \/>\n<meta property=\"article:modified_time\" content=\"2025-07-11T06:44:13+00:00\" \/>\n<meta property=\"og:image\" content=\"https:\/\/www.fotosenasturias.es\/wp-content\/uploads\/2025\/06\/IMG_9508-Mejorado-NR-1024x683.jpg\" \/>\n<meta name=\"twitter:card\" content=\"summary_large_image\" \/>\n<meta name=\"twitter:label1\" content=\"Tiempo de lectura\" \/>\n\t<meta name=\"twitter:data1\" content=\"5 minutos\" \/>\n<script type=\"application\/ld+json\" class=\"yoast-schema-graph\">{\"@context\":\"https:\/\/schema.org\",\"@graph\":[{\"@type\":\"WebPage\",\"@id\":\"https:\/\/www.fotosenasturias.es\/\",\"url\":\"https:\/\/www.fotosenasturias.es\/\",\"name\":\"Javier F. Santiago | Fot\u00f3grafo - Asturias - Bodas, eventos y deporte\",\"isPartOf\":{\"@id\":\"https:\/\/www.fotosenasturias.es\/#website\"},\"primaryImageOfPage\":{\"@id\":\"https:\/\/www.fotosenasturias.es\/#primaryimage\"},\"image\":{\"@id\":\"https:\/\/www.fotosenasturias.es\/#primaryimage\"},\"thumbnailUrl\":\"https:\/\/www.fotosenasturias.es\/wp-content\/uploads\/2025\/06\/IMG_9508-Mejorado-NR-1024x683.jpg\",\"datePublished\":\"2025-06-02T11:23:11+00:00\",\"dateModified\":\"2025-07-11T06:44:13+00:00\",\"description\":\"Servicios de fotograf\u00eda en Asturias: bodas, familia, eventos y deportes. Calidad, cercan\u00eda y pasi\u00f3n por la imagen\",\"breadcrumb\":{\"@id\":\"https:\/\/www.fotosenasturias.es\/#breadcrumb\"},\"inLanguage\":\"es\",\"potentialAction\":[{\"@type\":\"ReadAction\",\"target\":[\"https:\/\/www.fotosenasturias.es\/\"]}]},{\"@type\":\"ImageObject\",\"inLanguage\":\"es\",\"@id\":\"https:\/\/www.fotosenasturias.es\/#primaryimage\",\"url\":\"https:\/\/www.fotosenasturias.es\/wp-content\/uploads\/2025\/06\/IMG_9508-Mejorado-NR.jpg\",\"contentUrl\":\"https:\/\/www.fotosenasturias.es\/wp-content\/uploads\/2025\/06\/IMG_9508-Mejorado-NR.jpg\",\"width\":2500,\"height\":1667},{\"@type\":\"BreadcrumbList\",\"@id\":\"https:\/\/www.fotosenasturias.es\/#breadcrumb\",\"itemListElement\":[{\"@type\":\"ListItem\",\"position\":1,\"name\":\"Portada\",\"item\":\"https:\/\/www.fotosenasturias.es\/\"},{\"@type\":\"ListItem\",\"position\":2,\"name\":\"Inicio\"}]},{\"@type\":\"WebSite\",\"@id\":\"https:\/\/www.fotosenasturias.es\/#website\",\"url\":\"https:\/\/www.fotosenasturias.es\/\",\"name\":\"Javier F. Santiago | Fot\u00f3grafo\",\"description\":\"\",\"publisher\":{\"@id\":\"https:\/\/www.fotosenasturias.es\/#organization\"},\"potentialAction\":[{\"@type\":\"SearchAction\",\"target\":{\"@type\":\"EntryPoint\",\"urlTemplate\":\"https:\/\/www.fotosenasturias.es\/?s={search_term_string}\"},\"query-input\":{\"@type\":\"PropertyValueSpecification\",\"valueRequired\":true,\"valueName\":\"search_term_string\"}}],\"inLanguage\":\"es\"},{\"@type\":\"Organization\",\"@id\":\"https:\/\/www.fotosenasturias.es\/#organization\",\"name\":\"Javier F. Santiago | Fot\u00f3grafo\",\"url\":\"https:\/\/www.fotosenasturias.es\/\",\"logo\":{\"@type\":\"ImageObject\",\"inLanguage\":\"es\",\"@id\":\"https:\/\/www.fotosenasturias.es\/#\/schema\/logo\/image\/\",\"url\":\"https:\/\/www.fotosenasturias.es\/wp-content\/uploads\/2025\/06\/logo_web.png\",\"contentUrl\":\"https:\/\/www.fotosenasturias.es\/wp-content\/uploads\/2025\/06\/logo_web.png\",\"width\":2000,\"height\":330,\"caption\":\"Javier F. Santiago | Fot\u00f3grafo\"},\"image\":{\"@id\":\"https:\/\/www.fotosenasturias.es\/#\/schema\/logo\/image\/\"}}]}<\/script>\n<!-- \/ Yoast SEO plugin. -->","yoast_head_json":{"title":"Javier F. Santiago | Fot\u00f3grafo - Asturias - Bodas, eventos y deporte","description":"Servicios de fotograf\u00eda en Asturias: bodas, familia, eventos y deportes. Calidad, cercan\u00eda y pasi\u00f3n por la imagen","robots":{"index":"index","follow":"follow","max-snippet":"max-snippet:-1","max-image-preview":"max-image-preview:large","max-video-preview":"max-video-preview:-1"},"canonical":"https:\/\/www.fotosenasturias.es\/","og_locale":"es_ES","og_type":"article","og_title":"Javier F. Santiago | Fot\u00f3grafo - Asturias - Bodas, eventos y deporte","og_description":"Servicios de fotograf\u00eda en Asturias: bodas, familia, eventos y deportes. Calidad, cercan\u00eda y pasi\u00f3n por la imagen","og_url":"https:\/\/www.fotosenasturias.es\/","og_site_name":"Javier F. Santiago | Fot\u00f3grafo","article_modified_time":"2025-07-11T06:44:13+00:00","og_image":[{"url":"https:\/\/www.fotosenasturias.es\/wp-content\/uploads\/2025\/06\/IMG_9508-Mejorado-NR-1024x683.jpg","type":"","width":"","height":""}],"twitter_card":"summary_large_image","twitter_misc":{"Tiempo de lectura":"5 minutos"},"schema":{"@context":"https:\/\/schema.org","@graph":[{"@type":"WebPage","@id":"https:\/\/www.fotosenasturias.es\/","url":"https:\/\/www.fotosenasturias.es\/","name":"Javier F. Santiago | Fot\u00f3grafo - Asturias - Bodas, eventos y deporte","isPartOf":{"@id":"https:\/\/www.fotosenasturias.es\/#website"},"primaryImageOfPage":{"@id":"https:\/\/www.fotosenasturias.es\/#primaryimage"},"image":{"@id":"https:\/\/www.fotosenasturias.es\/#primaryimage"},"thumbnailUrl":"https:\/\/www.fotosenasturias.es\/wp-content\/uploads\/2025\/06\/IMG_9508-Mejorado-NR-1024x683.jpg","datePublished":"2025-06-02T11:23:11+00:00","dateModified":"2025-07-11T06:44:13+00:00","description":"Servicios de fotograf\u00eda en Asturias: bodas, familia, eventos y deportes. Calidad, cercan\u00eda y pasi\u00f3n por la imagen","breadcrumb":{"@id":"https:\/\/www.fotosenasturias.es\/#breadcrumb"},"inLanguage":"es","potentialAction":[{"@type":"ReadAction","target":["https:\/\/www.fotosenasturias.es\/"]}]},{"@type":"ImageObject","inLanguage":"es","@id":"https:\/\/www.fotosenasturias.es\/#primaryimage","url":"https:\/\/www.fotosenasturias.es\/wp-content\/uploads\/2025\/06\/IMG_9508-Mejorado-NR.jpg","contentUrl":"https:\/\/www.fotosenasturias.es\/wp-content\/uploads\/2025\/06\/IMG_9508-Mejorado-NR.jpg","width":2500,"height":1667},{"@type":"BreadcrumbList","@id":"https:\/\/www.fotosenasturias.es\/#breadcrumb","itemListElement":[{"@type":"ListItem","position":1,"name":"Portada","item":"https:\/\/www.fotosenasturias.es\/"},{"@type":"ListItem","position":2,"name":"Inicio"}]},{"@type":"WebSite","@id":"https:\/\/www.fotosenasturias.es\/#website","url":"https:\/\/www.fotosenasturias.es\/","name":"Javier F. Santiago | Fot\u00f3grafo","description":"","publisher":{"@id":"https:\/\/www.fotosenasturias.es\/#organization"},"potentialAction":[{"@type":"SearchAction","target":{"@type":"EntryPoint","urlTemplate":"https:\/\/www.fotosenasturias.es\/?s={search_term_string}"},"query-input":{"@type":"PropertyValueSpecification","valueRequired":true,"valueName":"search_term_string"}}],"inLanguage":"es"},{"@type":"Organization","@id":"https:\/\/www.fotosenasturias.es\/#organization","name":"Javier F. Santiago | Fot\u00f3grafo","url":"https:\/\/www.fotosenasturias.es\/","logo":{"@type":"ImageObject","inLanguage":"es","@id":"https:\/\/www.fotosenasturias.es\/#\/schema\/logo\/image\/","url":"https:\/\/www.fotosenasturias.es\/wp-content\/uploads\/2025\/06\/logo_web.png","contentUrl":"https:\/\/www.fotosenasturias.es\/wp-content\/uploads\/2025\/06\/logo_web.png","width":2000,"height":330,"caption":"Javier F. Santiago | Fot\u00f3grafo"},"image":{"@id":"https:\/\/www.fotosenasturias.es\/#\/schema\/logo\/image\/"}}]}},"_links":{"self":[{"href":"https:\/\/www.fotosenasturias.es\/index.php\/wp-json\/wp\/v2\/pages\/10","targetHints":{"allow":["GET"]}}],"collection":[{"href":"https:\/\/www.fotosenasturias.es\/index.php\/wp-json\/wp\/v2\/pages"}],"about":[{"href":"https:\/\/www.fotosenasturias.es\/index.php\/wp-json\/wp\/v2\/types\/page"}],"author":[{"embeddable":true,"href":"https:\/\/www.fotosenasturias.es\/index.php\/wp-json\/wp\/v2\/users\/1"}],"replies":[{"embeddable":true,"href":"https:\/\/www.fotosenasturias.es\/index.php\/wp-json\/wp\/v2\/comments?post=10"}],"version-history":[{"count":96,"href":"https:\/\/www.fotosenasturias.es\/index.php\/wp-json\/wp\/v2\/pages\/10\/revisions"}],"predecessor-version":[{"id":404,"href":"https:\/\/www.fotosenasturias.es\/index.php\/wp-json\/wp\/v2\/pages\/10\/revisions\/404"}],"wp:attachment":[{"href":"https:\/\/www.fotosenasturias.es\/index.php\/wp-json\/wp\/v2\/media?parent=10"}],"curies":[{"name":"wp","href":"https:\/\/api.w.org\/{rel}","templated":true}]}}