{"version":"1.0","provider_name":"Javier F. Santiago | Fot\u00f3grafo","provider_url":"https:\/\/www.fotosenasturias.es","author_name":"administrador","author_url":"https:\/\/www.fotosenasturias.es\/index.php\/author\/administrador\/","title":"EVENTOS - Javier F. Santiago | Fot\u00f3grafo","type":"rich","width":600,"height":338,"html":"<blockquote class=\"wp-embedded-content\" data-secret=\"SUn7ey9INL\"><a href=\"https:\/\/www.fotosenasturias.es\/index.php\/eventos\/\">EVENTOS<\/a><\/blockquote><iframe sandbox=\"allow-scripts\" security=\"restricted\" src=\"https:\/\/www.fotosenasturias.es\/index.php\/eventos\/embed\/#?secret=SUn7ey9INL\" width=\"600\" height=\"338\" title=\"\u00abEVENTOS\u00bb \u2014 Javier F. Santiago | Fot\u00f3grafo\" data-secret=\"SUn7ey9INL\" frameborder=\"0\" marginwidth=\"0\" marginheight=\"0\" scrolling=\"no\" class=\"wp-embedded-content\"><\/iframe><script type=\"text\/javascript\">\n\/* <![CDATA[ *\/\n\/*! This file is auto-generated *\/\n!function(d,l){\"use strict\";l.querySelector&&d.addEventListener&&\"undefined\"!=typeof URL&&(d.wp=d.wp||{},d.wp.receiveEmbedMessage||(d.wp.receiveEmbedMessage=function(e){var t=e.data;if((t||t.secret||t.message||t.value)&&!\/[^a-zA-Z0-9]\/.test(t.secret)){for(var s,r,n,a=l.querySelectorAll('iframe[data-secret=\"'+t.secret+'\"]'),o=l.querySelectorAll('blockquote[data-secret=\"'+t.secret+'\"]'),c=new RegExp(\"^https?:$\",\"i\"),i=0;i<o.length;i++)o[i].style.display=\"none\";for(i=0;i<a.length;i++)s=a[i],e.source===s.contentWindow&&(s.removeAttribute(\"style\"),\"height\"===t.message?(1e3<(r=parseInt(t.value,10))?r=1e3:~~r<200&&(r=200),s.height=r):\"link\"===t.message&&(r=new URL(s.getAttribute(\"src\")),n=new URL(t.value),c.test(n.protocol))&&n.host===r.host&&l.activeElement===s&&(d.top.location.href=t.value))}},d.addEventListener(\"message\",d.wp.receiveEmbedMessage,!1),l.addEventListener(\"DOMContentLoaded\",function(){for(var e,t,s=l.querySelectorAll(\"iframe.wp-embedded-content\"),r=0;r<s.length;r++)(t=(e=s[r]).getAttribute(\"data-secret\"))||(t=Math.random().toString(36).substring(2,12),e.src+=\"#?secret=\"+t,e.setAttribute(\"data-secret\",t)),e.contentWindow.postMessage({message:\"ready\",secret:t},\"*\")},!1)))}(window,document);\n\/\/# sourceURL=https:\/\/www.fotosenasturias.es\/wp-includes\/js\/wp-embed.min.js\n\/* ]]> *\/\n<\/script>\n","description":"EVENTOS Me encanta estar donde pasan las cosas. Si est\u00e1s organizando un evento \u2014ya sea una comuni\u00f3n, un cumplea\u00f1os, una fiesta familiar, un concierto, una actividad cultural, deportiva o incluso algo m\u00e1s serio como una presentaci\u00f3n o evento de empresa\u2014 puedes contar conmigo para capturar cada momento con naturalidad y estilo. Nada de poses forzadas ni fotos aburridas. Me gusta mezclarme entre la gente, pasar desapercibido y atrapar esos gestos espont\u00e1neos, las miradas, los abrazos, las risas\u2026 todo eso que hace que un evento se convierta en un recuerdo \u00fanico. Al final del d\u00eda, tendr\u00e1s una galer\u00eda de im\u00e1genes que realmente te har\u00e1n revivir lo que viviste, sin artificios ni filtros innecesarios. Trabajo en exteriores, interiores, de d\u00eda, de noche, con sol, con lluvia (\u00a1que estamos en Asturias!), y me adapto al ritmo y energ\u00eda del evento. \u00bfEs algo peque\u00f1o y familiar? Perfecto. \u00bfEs algo m\u00e1s grande y movido? Tambi\u00e9n me apunto. La idea es que t\u00fa disfrutes sin preocuparte por las fotos: yo me encargo de que todo quede bien guardado. Adem\u00e1s, me gusta mantener una comunicaci\u00f3n cercana antes y despu\u00e9s del evento. Me puedes contar qu\u00e9 es lo que no puede faltar, qu\u00e9 tipo de fotos te gustan, si hay momentos clave que no me puedo perder, o simplemente dejar que fluya y confiar en mi estilo. Despu\u00e9s te entregar\u00e9 todo editado con mimo, en alta calidad, listo para compartir, imprimir o simplemente guardar para ti. conf\u00edan en nosotros","thumbnail_url":"https:\/\/www.fotosenasturias.es\/wp-content\/uploads\/2025\/07\/cao-300x138.png"}