{"version":"1.0","provider_name":"Javier F. Santiago | Fot\u00f3grafo","provider_url":"https:\/\/www.fotosenasturias.es","author_name":"administrador","author_url":"https:\/\/www.fotosenasturias.es\/index.php\/author\/administrador\/","title":"Con\u00f3ceme - Javier F. Santiago | Fot\u00f3grafo","type":"rich","width":600,"height":338,"html":"<blockquote class=\"wp-embedded-content\" data-secret=\"u8ljsGArFt\"><a href=\"https:\/\/www.fotosenasturias.es\/index.php\/conoceme\/\">Con\u00f3ceme<\/a><\/blockquote><iframe sandbox=\"allow-scripts\" security=\"restricted\" src=\"https:\/\/www.fotosenasturias.es\/index.php\/conoceme\/embed\/#?secret=u8ljsGArFt\" width=\"600\" height=\"338\" title=\"\u00abCon\u00f3ceme\u00bb \u2014 Javier F. Santiago | Fot\u00f3grafo\" data-secret=\"u8ljsGArFt\" frameborder=\"0\" marginwidth=\"0\" marginheight=\"0\" scrolling=\"no\" class=\"wp-embedded-content\"><\/iframe><script type=\"text\/javascript\">\n\/* <![CDATA[ *\/\n\/*! This file is auto-generated *\/\n!function(d,l){\"use strict\";l.querySelector&&d.addEventListener&&\"undefined\"!=typeof URL&&(d.wp=d.wp||{},d.wp.receiveEmbedMessage||(d.wp.receiveEmbedMessage=function(e){var t=e.data;if((t||t.secret||t.message||t.value)&&!\/[^a-zA-Z0-9]\/.test(t.secret)){for(var s,r,n,a=l.querySelectorAll('iframe[data-secret=\"'+t.secret+'\"]'),o=l.querySelectorAll('blockquote[data-secret=\"'+t.secret+'\"]'),c=new RegExp(\"^https?:$\",\"i\"),i=0;i<o.length;i++)o[i].style.display=\"none\";for(i=0;i<a.length;i++)s=a[i],e.source===s.contentWindow&&(s.removeAttribute(\"style\"),\"height\"===t.message?(1e3<(r=parseInt(t.value,10))?r=1e3:~~r<200&&(r=200),s.height=r):\"link\"===t.message&&(r=new URL(s.getAttribute(\"src\")),n=new URL(t.value),c.test(n.protocol))&&n.host===r.host&&l.activeElement===s&&(d.top.location.href=t.value))}},d.addEventListener(\"message\",d.wp.receiveEmbedMessage,!1),l.addEventListener(\"DOMContentLoaded\",function(){for(var e,t,s=l.querySelectorAll(\"iframe.wp-embedded-content\"),r=0;r<s.length;r++)(t=(e=s[r]).getAttribute(\"data-secret\"))||(t=Math.random().toString(36).substring(2,12),e.src+=\"#?secret=\"+t,e.setAttribute(\"data-secret\",t)),e.contentWindow.postMessage({message:\"ready\",secret:t},\"*\")},!1)))}(window,document);\n\/\/# sourceURL=https:\/\/www.fotosenasturias.es\/wp-includes\/js\/wp-embed.min.js\n\/* ]]> *\/\n<\/script>\n","description":"QUI\u00c9N SOY YO&#8230; Soy Javier F. Santiago y desde hace a\u00f1os mi forma de entender la vida pasa por un visor. La fotograf\u00eda me ha regalado momentos irrepetibles y el privilegio de contar historias a trav\u00e9s de cada imagen. He sido finalista en los Siena Photo Awards y he recibido m\u00e1s de veinte veces la \u201cFotaza del D\u00eda\u201d de la Concejal\u00eda de Turismo del Ayuntamiento de Oviedo, siendo hasta la fecha el fot\u00f3grafo con m\u00e1s distinciones en este reconocimiento. Adem\u00e1s, varias de mis im\u00e1genes han sido premiadas en el Concurso de Fotograf\u00eda de la Semana Santa de Oviedo, un tema que me emociona retratar cada a\u00f1o. Como fot\u00f3grafo en Oviedo y Asturias, me apasiona capturar la emoci\u00f3n de una boda, la ternura de un bautizo o una comuni\u00f3n, la adrenalina de un deporte o la energ\u00eda de cualquier evento que merezca ser recordado. Cada reportaje es diferente, cada persona tiene su historia, y para m\u00ed es un honor poder congelar esos instantes para siempre. Realizo fotograf\u00eda de bodas en Oviedo, reportajes de bautizos y comuniones en Asturias, as\u00ed como fotograf\u00eda deportiva y fotograf\u00eda de eventos para particulares, asociaciones y empresas. Trabajo con la misma ilusi\u00f3n tanto en grandes celebraciones como en sesiones m\u00e1s \u00edntimas, siempre buscando la naturalidad, la cercan\u00eda y ese detalle que hace especial cada fotograf\u00eda. Porque al final, lo que queda son los recuerdos, y ah\u00ed es donde quiero estar: detr\u00e1s de la c\u00e1mara, guardando momentos que cuenten qui\u00e9nes somos. Si buscas un fot\u00f3grafo de bodas, bautizos, comuniones, fotograf\u00eda deportiva o eventos en Oviedo o en cualquier rinc\u00f3n de Asturias, estar\u00e9 encantado de ayudarte a conservar esos recuerdos para siempre.","thumbnail_url":"https:\/\/www.fotosenasturias.es\/wp-content\/uploads\/2025\/07\/javier2-683x1024.png","thumbnail_width":683,"thumbnail_height":1024}